{"id":14873,"date":"2026-01-30T15:04:43","date_gmt":"2026-01-30T15:04:43","guid":{"rendered":"https:\/\/mi-registro.net\/blog\/"},"modified":"2026-04-01T14:42:13","modified_gmt":"2026-04-01T14:42:13","slug":"blog","status":"publish","type":"page","link":"https:\/\/mi-registro.net\/ca\/blog\/","title":{"rendered":"Blog"},"content":{"rendered":"\t\t<div data-elementor-type=\"wp-page\" data-elementor-id=\"14873\" class=\"elementor elementor-14873 elementor-14603\" data-elementor-post-type=\"page\">\n\t\t\t\t<div class=\"elementor-element elementor-element-0675a6a gradient_hero_blog e-flex e-con-boxed e-con e-parent\" data-id=\"0675a6a\" data-element_type=\"container\" data-e-type=\"container\" data-settings=\"{&quot;background_background&quot;:&quot;classic&quot;}\">\n\t\t\t\t\t<div class=\"e-con-inner\">\n\t\t\t\t<div class=\"elementor-element elementor-element-d35d4e1 elementor-widget__width-initial elementor-widget elementor-widget-heading\" data-id=\"d35d4e1\" data-element_type=\"widget\" data-e-type=\"widget\" data-widget_type=\"heading.default\">\n\t\t\t\t<div class=\"elementor-widget-container\">\n\t\t\t\t\t<h1 class=\"elementor-heading-title elementor-size-default\">Descobreix les \u00faltimes novetats i consells<\/h1>\t\t\t\t<\/div>\n\t\t\t\t<\/div>\n\t\t\t\t<div class=\"elementor-element elementor-element-1a8b7b5 elementor-widget__width-initial elementor-widget elementor-widget-heading\" data-id=\"1a8b7b5\" data-element_type=\"widget\" data-e-type=\"widget\" data-widget_type=\"heading.default\">\n\t\t\t\t<div class=\"elementor-widget-container\">\n\t\t\t\t\t<p class=\"elementor-heading-title elementor-size-default\">Mant\u00e9n-te al dia amb els nostres articles sobre gesti\u00f3 de registres, productivitat i les millors pr\u00e0ctiques per al teu negoci.<\/p>\t\t\t\t<\/div>\n\t\t\t\t<\/div>\n\t\t\t\t<div class=\"elementor-element elementor-element-6f0a77b elementor-widget elementor-widget-button\" data-id=\"6f0a77b\" data-element_type=\"widget\" data-e-type=\"widget\" data-widget_type=\"button.default\">\n\t\t\t\t<div class=\"elementor-widget-container\">\n\t\t\t\t\t\t\t\t\t<div class=\"elementor-button-wrapper\">\n\t\t\t\t\t<a class=\"elementor-button elementor-button-link elementor-size-sm\" href=\"#contacta\">\n\t\t\t\t\t\t<span class=\"elementor-button-content-wrapper\">\n\t\t\t\t\t\t\t\t\t<span class=\"elementor-button-text\">Contacta<\/span>\n\t\t\t\t\t<\/span>\n\t\t\t\t\t<\/a>\n\t\t\t\t<\/div>\n\t\t\t\t\t\t\t\t<\/div>\n\t\t\t\t<\/div>\n\t\t\t\t\t<\/div>\n\t\t\t\t<\/div>\n\t\t<div class=\"elementor-element elementor-element-b9e33cf e-flex e-con-boxed e-con e-parent\" data-id=\"b9e33cf\" data-element_type=\"container\" data-e-type=\"container\">\n\t\t\t\t\t<div class=\"e-con-inner\">\n\t\t\t\t<div class=\"elementor-element elementor-element-a421711 elementor-widget elementor-widget-heading\" data-id=\"a421711\" data-element_type=\"widget\" data-e-type=\"widget\" data-widget_type=\"heading.default\">\n\t\t\t\t<div class=\"elementor-widget-container\">\n\t\t\t\t\t<h2 class=\"elementor-heading-title elementor-size-default\">Articles recents<\/h2>\t\t\t\t<\/div>\n\t\t\t\t<\/div>\n\t\t\t\t<div class=\"elementor-element elementor-element-fc8c84b elementor-grid-3 elementor-grid-tablet-2 elementor-grid-mobile-1 elementor-posts--thumbnail-top elementor-widget elementor-widget-posts\" data-id=\"fc8c84b\" data-element_type=\"widget\" data-e-type=\"widget\" data-settings=\"{&quot;pagination_type&quot;:&quot;numbers_and_prev_next&quot;,&quot;classic_columns&quot;:&quot;3&quot;,&quot;classic_columns_tablet&quot;:&quot;2&quot;,&quot;classic_columns_mobile&quot;:&quot;1&quot;,&quot;classic_row_gap&quot;:{&quot;unit&quot;:&quot;px&quot;,&quot;size&quot;:35,&quot;sizes&quot;:[]},&quot;classic_row_gap_tablet&quot;:{&quot;unit&quot;:&quot;px&quot;,&quot;size&quot;:&quot;&quot;,&quot;sizes&quot;:[]},&quot;classic_row_gap_mobile&quot;:{&quot;unit&quot;:&quot;px&quot;,&quot;size&quot;:&quot;&quot;,&quot;sizes&quot;:[]}}\" data-widget_type=\"posts.classic\">\n\t\t\t\t<div class=\"elementor-widget-container\">\n\t\t\t\t\t\t\t<div class=\"elementor-posts-container elementor-posts elementor-posts--skin-classic elementor-grid\" role=\"list\">\n\t\t\t\t<article class=\"elementor-post elementor-grid-item post-15749 post type-post status-publish format-standard has-post-thumbnail hentry category-novetats\" role=\"listitem\">\n\t\t\t\t<a class=\"elementor-post__thumbnail__link\" href=\"https:\/\/mi-registro.net\/ca\/novetats\/control-horari-en-hostaleria-comerc-i-construccio-el-que-cal-saber-si-tens-una-pime\/\" tabindex=\"-1\" >\n\t\t\t<div class=\"elementor-post__thumbnail\"><img fetchpriority=\"high\" decoding=\"async\" width=\"768\" height=\"513\" src=\"https:\/\/mi-registro.net\/wp-content\/uploads\/2026\/03\/pexels-kampus-6684765-768x513.jpg\" class=\"attachment-medium_large size-medium_large wp-image-15717\" alt=\"control horario hosteler\u00eda\" srcset=\"https:\/\/mi-registro.net\/wp-content\/uploads\/2026\/03\/pexels-kampus-6684765-768x513.jpg 768w, https:\/\/mi-registro.net\/wp-content\/uploads\/2026\/03\/pexels-kampus-6684765-300x200.jpg 300w, https:\/\/mi-registro.net\/wp-content\/uploads\/2026\/03\/pexels-kampus-6684765-1024x684.jpg 1024w, https:\/\/mi-registro.net\/wp-content\/uploads\/2026\/03\/pexels-kampus-6684765-1536x1025.jpg 1536w, https:\/\/mi-registro.net\/wp-content\/uploads\/2026\/03\/pexels-kampus-6684765-2048x1367.jpg 2048w, https:\/\/mi-registro.net\/wp-content\/uploads\/2026\/03\/pexels-kampus-6684765-180x120.jpg 180w, https:\/\/mi-registro.net\/wp-content\/uploads\/2026\/03\/pexels-kampus-6684765-360x240.jpg 360w, https:\/\/mi-registro.net\/wp-content\/uploads\/2026\/03\/pexels-kampus-6684765-640x427.jpg 640w, https:\/\/mi-registro.net\/wp-content\/uploads\/2026\/03\/pexels-kampus-6684765-1366x912.jpg 1366w, https:\/\/mi-registro.net\/wp-content\/uploads\/2026\/03\/pexels-kampus-6684765-1600x1068.jpg 1600w, https:\/\/mi-registro.net\/wp-content\/uploads\/2026\/03\/pexels-kampus-6684765-1920x1282.jpg 1920w, https:\/\/mi-registro.net\/wp-content\/uploads\/2026\/03\/pexels-kampus-6684765-600x401.jpg 600w\" sizes=\"(max-width: 768px) 100vw, 768px\" \/><\/div>\n\t\t<\/a>\n\t\t\t\t<div class=\"elementor-post__text\">\n\t\t\t\t<h3 class=\"elementor-post__title\">\n\t\t\t<a href=\"https:\/\/mi-registro.net\/ca\/novetats\/control-horari-en-hostaleria-comerc-i-construccio-el-que-cal-saber-si-tens-una-pime\/\" >\n\t\t\t\tControl horari en hostaleria, comer\u00e7 i construcci\u00f3: el que cal saber si tens una pime\t\t\t<\/a>\n\t\t<\/h3>\n\t\t\t\t<div class=\"elementor-post__excerpt\">\n\t\t\t<p>Hostaleria: el sector m\u00e9s inspeccionat d&#8217;Espanya No \u00e9s una exageraci\u00f3. Segons la Mem\u00f2ria Anual de l&#8217;ITSS del 2023 , l&#8217;hostaleria<\/p>\n\t\t<\/div>\n\t\t\t\t\t<div class=\"elementor-post__read-more-wrapper\">\n\t\t\n\t\t<a class=\"elementor-post__read-more\" href=\"https:\/\/mi-registro.net\/ca\/novetats\/control-horari-en-hostaleria-comerc-i-construccio-el-que-cal-saber-si-tens-una-pime\/\" aria-label=\"Read more about Control horari en hostaleria, comer\u00e7 i construcci\u00f3: el que cal saber si tens una pime\" tabindex=\"-1\" >\n\t\t\tLlegir m\u00e9s \u2192\t\t<\/a>\n\n\t\t\t\t\t<\/div>\n\t\t\t\t<\/div>\n\t\t\t\t<\/article>\n\t\t\t\t<article class=\"elementor-post elementor-grid-item post-15687 post type-post status-publish format-standard has-post-thumbnail hentry category-novetats\" role=\"listitem\">\n\t\t\t\t<a class=\"elementor-post__thumbnail__link\" href=\"https:\/\/mi-registro.net\/ca\/novetats\/millor-programari-de-control-horari-per-a-pimes-el-2026\/\" tabindex=\"-1\" >\n\t\t\t<div class=\"elementor-post__thumbnail\"><img decoding=\"async\" width=\"768\" height=\"432\" src=\"https:\/\/mi-registro.net\/wp-content\/uploads\/2026\/03\/ley_registro_jornada_laboral-768x432.png\" class=\"attachment-medium_large size-medium_large wp-image-15443\" alt=\"control horario para pymes\" srcset=\"https:\/\/mi-registro.net\/wp-content\/uploads\/2026\/03\/ley_registro_jornada_laboral-768x432.png 768w, https:\/\/mi-registro.net\/wp-content\/uploads\/2026\/03\/ley_registro_jornada_laboral-300x169.png 300w, https:\/\/mi-registro.net\/wp-content\/uploads\/2026\/03\/ley_registro_jornada_laboral-1024x576.png 1024w, https:\/\/mi-registro.net\/wp-content\/uploads\/2026\/03\/ley_registro_jornada_laboral-1536x864.png 1536w, https:\/\/mi-registro.net\/wp-content\/uploads\/2026\/03\/ley_registro_jornada_laboral-180x101.png 180w, https:\/\/mi-registro.net\/wp-content\/uploads\/2026\/03\/ley_registro_jornada_laboral-360x203.png 360w, https:\/\/mi-registro.net\/wp-content\/uploads\/2026\/03\/ley_registro_jornada_laboral-640x360.png 640w, https:\/\/mi-registro.net\/wp-content\/uploads\/2026\/03\/ley_registro_jornada_laboral-1366x768.png 1366w, https:\/\/mi-registro.net\/wp-content\/uploads\/2026\/03\/ley_registro_jornada_laboral-600x338.png 600w, https:\/\/mi-registro.net\/wp-content\/uploads\/2026\/03\/ley_registro_jornada_laboral.png 1600w\" sizes=\"(max-width: 768px) 100vw, 768px\" \/><\/div>\n\t\t<\/a>\n\t\t\t\t<div class=\"elementor-post__text\">\n\t\t\t\t<h3 class=\"elementor-post__title\">\n\t\t\t<a href=\"https:\/\/mi-registro.net\/ca\/novetats\/millor-programari-de-control-horari-per-a-pimes-el-2026\/\" >\n\t\t\t\tMillor programari de control horari per a pimes el 2026\t\t\t<\/a>\n\t\t<\/h3>\n\t\t\t\t<div class=\"elementor-post__excerpt\">\n\t\t\t<p>Per qu\u00e8 necessites un programari de control horari a la teva empresa? Des del 2019, totes les empreses a Espanya<\/p>\n\t\t<\/div>\n\t\t\t\t\t<div class=\"elementor-post__read-more-wrapper\">\n\t\t\n\t\t<a class=\"elementor-post__read-more\" href=\"https:\/\/mi-registro.net\/ca\/novetats\/millor-programari-de-control-horari-per-a-pimes-el-2026\/\" aria-label=\"Read more about Millor programari de control horari per a pimes el 2026\" tabindex=\"-1\" >\n\t\t\tLlegir m\u00e9s \u2192\t\t<\/a>\n\n\t\t\t\t\t<\/div>\n\t\t\t\t<\/div>\n\t\t\t\t<\/article>\n\t\t\t\t<article class=\"elementor-post elementor-grid-item post-15653 post type-post status-publish format-standard has-post-thumbnail hentry category-novetats\" role=\"listitem\">\n\t\t\t\t<a class=\"elementor-post__thumbnail__link\" href=\"https:\/\/mi-registro.net\/ca\/novetats\/nova-llei-laboral-per-a-pimes-el-2026-obligacions-riscos-i-com-adaptar-se\/\" tabindex=\"-1\" >\n\t\t\t<div class=\"elementor-post__thumbnail\"><img decoding=\"async\" width=\"768\" height=\"512\" src=\"https:\/\/mi-registro.net\/wp-content\/uploads\/2021\/08\/campaign-creators-e6n7uoEnYbA-unsplash-1-scaled-768x512.jpg\" class=\"attachment-medium_large size-medium_large wp-image-4795\" alt=\"\" srcset=\"https:\/\/mi-registro.net\/wp-content\/uploads\/2021\/08\/campaign-creators-e6n7uoEnYbA-unsplash-1-scaled-768x512.jpg 768w, https:\/\/mi-registro.net\/wp-content\/uploads\/2021\/08\/campaign-creators-e6n7uoEnYbA-unsplash-1-scaled-300x200.jpg 300w, https:\/\/mi-registro.net\/wp-content\/uploads\/2021\/08\/campaign-creators-e6n7uoEnYbA-unsplash-1-scaled-1024x683.jpg 1024w, https:\/\/mi-registro.net\/wp-content\/uploads\/2021\/08\/campaign-creators-e6n7uoEnYbA-unsplash-1-scaled-1536x1024.jpg 1536w, https:\/\/mi-registro.net\/wp-content\/uploads\/2021\/08\/campaign-creators-e6n7uoEnYbA-unsplash-1-scaled-2048x1366.jpg 2048w, https:\/\/mi-registro.net\/wp-content\/uploads\/2021\/08\/campaign-creators-e6n7uoEnYbA-unsplash-1-scaled-700x467.jpg 700w, https:\/\/mi-registro.net\/wp-content\/uploads\/2021\/08\/campaign-creators-e6n7uoEnYbA-unsplash-1-scaled-600x400.jpg 600w\" sizes=\"(max-width: 768px) 100vw, 768px\" \/><\/div>\n\t\t<\/a>\n\t\t\t\t<div class=\"elementor-post__text\">\n\t\t\t\t<h3 class=\"elementor-post__title\">\n\t\t\t<a href=\"https:\/\/mi-registro.net\/ca\/novetats\/nova-llei-laboral-per-a-pimes-el-2026-obligacions-riscos-i-com-adaptar-se\/\" >\n\t\t\t\tNova llei laboral per a pimes el 2026: obligacions, riscos i com adaptar-se\t\t\t<\/a>\n\t\t<\/h3>\n\t\t\t\t<div class=\"elementor-post__excerpt\">\n\t\t\t<p>Hi ha una nova llei laboral espec\u00edfica per a pimes el 2026? No hi ha una llei exclusiva per a<\/p>\n\t\t<\/div>\n\t\t\t\t\t<div class=\"elementor-post__read-more-wrapper\">\n\t\t\n\t\t<a class=\"elementor-post__read-more\" href=\"https:\/\/mi-registro.net\/ca\/novetats\/nova-llei-laboral-per-a-pimes-el-2026-obligacions-riscos-i-com-adaptar-se\/\" aria-label=\"Read more about Nova llei laboral per a pimes el 2026: obligacions, riscos i com adaptar-se\" tabindex=\"-1\" >\n\t\t\tLlegir m\u00e9s \u2192\t\t<\/a>\n\n\t\t\t\t\t<\/div>\n\t\t\t\t<\/div>\n\t\t\t\t<\/article>\n\t\t\t\t<article class=\"elementor-post elementor-grid-item post-15650 post type-post status-publish format-standard has-post-thumbnail hentry category-novetats\" role=\"listitem\">\n\t\t\t\t<a class=\"elementor-post__thumbnail__link\" href=\"https:\/\/mi-registro.net\/ca\/novetats\/control-horari-per-a-empreses-els-5-dubtes-reals-que-tenen-els-teus-empleats-i-tu-tambe\/\" tabindex=\"-1\" >\n\t\t\t<div class=\"elementor-post__thumbnail\"><img loading=\"lazy\" decoding=\"async\" width=\"768\" height=\"432\" src=\"https:\/\/mi-registro.net\/wp-content\/uploads\/2026\/03\/software_control_horario_barcelona-768x432.png\" class=\"attachment-medium_large size-medium_large wp-image-15447\" alt=\"registro horario obligatorio pymes\" srcset=\"https:\/\/mi-registro.net\/wp-content\/uploads\/2026\/03\/software_control_horario_barcelona-768x432.png 768w, https:\/\/mi-registro.net\/wp-content\/uploads\/2026\/03\/software_control_horario_barcelona-300x169.png 300w, https:\/\/mi-registro.net\/wp-content\/uploads\/2026\/03\/software_control_horario_barcelona-1024x576.png 1024w, https:\/\/mi-registro.net\/wp-content\/uploads\/2026\/03\/software_control_horario_barcelona-1536x864.png 1536w, https:\/\/mi-registro.net\/wp-content\/uploads\/2026\/03\/software_control_horario_barcelona-180x101.png 180w, https:\/\/mi-registro.net\/wp-content\/uploads\/2026\/03\/software_control_horario_barcelona-360x203.png 360w, https:\/\/mi-registro.net\/wp-content\/uploads\/2026\/03\/software_control_horario_barcelona-640x360.png 640w, https:\/\/mi-registro.net\/wp-content\/uploads\/2026\/03\/software_control_horario_barcelona-1366x768.png 1366w, https:\/\/mi-registro.net\/wp-content\/uploads\/2026\/03\/software_control_horario_barcelona-600x338.png 600w, https:\/\/mi-registro.net\/wp-content\/uploads\/2026\/03\/software_control_horario_barcelona.png 1600w\" sizes=\"(max-width: 768px) 100vw, 768px\" \/><\/div>\n\t\t<\/a>\n\t\t\t\t<div class=\"elementor-post__text\">\n\t\t\t\t<h3 class=\"elementor-post__title\">\n\t\t\t<a href=\"https:\/\/mi-registro.net\/ca\/novetats\/control-horari-per-a-empreses-els-5-dubtes-reals-que-tenen-els-teus-empleats-i-tu-tambe\/\" >\n\t\t\t\t\u00c9s obligatori el registre horari per a la meva empresa? El que diu la llei avui\t\t\t<\/a>\n\t\t<\/h3>\n\t\t\t\t<div class=\"elementor-post__excerpt\">\n\t\t\t<p>El que \u00e9s obligatori AVUI: el registre horari des del 2019 S\u00ed, el registre horari \u00e9s obligatori. I no des<\/p>\n\t\t<\/div>\n\t\t\t\t\t<div class=\"elementor-post__read-more-wrapper\">\n\t\t\n\t\t<a class=\"elementor-post__read-more\" href=\"https:\/\/mi-registro.net\/ca\/novetats\/control-horari-per-a-empreses-els-5-dubtes-reals-que-tenen-els-teus-empleats-i-tu-tambe\/\" aria-label=\"Read more about \u00c9s obligatori el registre horari per a la meva empresa? El que diu la llei avui\" tabindex=\"-1\" >\n\t\t\tLlegir m\u00e9s \u2192\t\t<\/a>\n\n\t\t\t\t\t<\/div>\n\t\t\t\t<\/div>\n\t\t\t\t<\/article>\n\t\t\t\t<article class=\"elementor-post elementor-grid-item post-15004 post type-post status-publish format-standard has-post-thumbnail hentry\" role=\"listitem\">\n\t\t\t\t<a class=\"elementor-post__thumbnail__link\" href=\"https:\/\/mi-registro.net\/ca\/sense-categoria\/la-llei-mes-perillosa-per-a-les-pimes-aquest-2021-2\/\" tabindex=\"-1\" >\n\t\t\t<div class=\"elementor-post__thumbnail\"><img loading=\"lazy\" decoding=\"async\" width=\"768\" height=\"424\" src=\"https:\/\/mi-registro.net\/wp-content\/uploads\/2021\/07\/bill-oxford-OXGhu60NwxU-unsplash-e1626261752653-768x424.jpg\" class=\"attachment-medium_large size-medium_large wp-image-3330\" alt=\"\" srcset=\"https:\/\/mi-registro.net\/wp-content\/uploads\/2021\/07\/bill-oxford-OXGhu60NwxU-unsplash-e1626261752653-768x424.jpg 768w, https:\/\/mi-registro.net\/wp-content\/uploads\/2021\/07\/bill-oxford-OXGhu60NwxU-unsplash-e1626261752653-300x166.jpg 300w, https:\/\/mi-registro.net\/wp-content\/uploads\/2021\/07\/bill-oxford-OXGhu60NwxU-unsplash-e1626261752653-1024x566.jpg 1024w, https:\/\/mi-registro.net\/wp-content\/uploads\/2021\/07\/bill-oxford-OXGhu60NwxU-unsplash-e1626261752653-1536x849.jpg 1536w, https:\/\/mi-registro.net\/wp-content\/uploads\/2021\/07\/bill-oxford-OXGhu60NwxU-unsplash-e1626261752653-700x387.jpg 700w, https:\/\/mi-registro.net\/wp-content\/uploads\/2021\/07\/bill-oxford-OXGhu60NwxU-unsplash-e1626261752653-600x332.jpg 600w, https:\/\/mi-registro.net\/wp-content\/uploads\/2021\/07\/bill-oxford-OXGhu60NwxU-unsplash-e1626261752653.jpg 1900w\" sizes=\"(max-width: 768px) 100vw, 768px\" \/><\/div>\n\t\t<\/a>\n\t\t\t\t<div class=\"elementor-post__text\">\n\t\t\t\t<h3 class=\"elementor-post__title\">\n\t\t\t<a href=\"https:\/\/mi-registro.net\/ca\/sense-categoria\/la-llei-mes-perillosa-per-a-les-pimes-aquest-2021-2\/\" >\n\t\t\t\tLa llei m\u00e9s perillosa per a les PIMES aquest 2021\t\t\t<\/a>\n\t\t<\/h3>\n\t\t\t\t<div class=\"elementor-post__excerpt\">\n\t\t\t<p>A Espanya tenim una fiscalitat tan complicada per a l&#8217;empresari mitj\u00e0 que literalment ha obligat el mercat&#8230;<\/p>\n\t\t<\/div>\n\t\t\t\t\t<div class=\"elementor-post__read-more-wrapper\">\n\t\t\n\t\t<a class=\"elementor-post__read-more\" href=\"https:\/\/mi-registro.net\/ca\/sense-categoria\/la-llei-mes-perillosa-per-a-les-pimes-aquest-2021-2\/\" aria-label=\"Read more about La llei m\u00e9s perillosa per a les PIMES aquest 2021\" tabindex=\"-1\" >\n\t\t\tLlegir m\u00e9s \u2192\t\t<\/a>\n\n\t\t\t\t\t<\/div>\n\t\t\t\t<\/div>\n\t\t\t\t<\/article>\n\t\t\t\t<article class=\"elementor-post elementor-grid-item post-15001 post type-post status-publish format-standard has-post-thumbnail hentry category-novetats\" role=\"listitem\">\n\t\t\t\t<a class=\"elementor-post__thumbnail__link\" href=\"https:\/\/mi-registro.net\/ca\/novetats\/llei-registre-diari-de-jornada-laboral-2021\/\" tabindex=\"-1\" >\n\t\t\t<div class=\"elementor-post__thumbnail\"><img loading=\"lazy\" decoding=\"async\" width=\"768\" height=\"1152\" src=\"https:\/\/mi-registro.net\/wp-content\/uploads\/2020\/02\/pexels-karola-g-7680750-768x1152.jpg\" class=\"attachment-medium_large size-medium_large wp-image-15127\" alt=\"Registro de jornada laboral\" srcset=\"https:\/\/mi-registro.net\/wp-content\/uploads\/2020\/02\/pexels-karola-g-7680750-768x1152.jpg 768w, https:\/\/mi-registro.net\/wp-content\/uploads\/2020\/02\/pexels-karola-g-7680750-200x300.jpg 200w, https:\/\/mi-registro.net\/wp-content\/uploads\/2020\/02\/pexels-karola-g-7680750-683x1024.jpg 683w, https:\/\/mi-registro.net\/wp-content\/uploads\/2020\/02\/pexels-karola-g-7680750-1024x1536.jpg 1024w, https:\/\/mi-registro.net\/wp-content\/uploads\/2020\/02\/pexels-karola-g-7680750-1365x2048.jpg 1365w, https:\/\/mi-registro.net\/wp-content\/uploads\/2020\/02\/pexels-karola-g-7680750-180x270.jpg 180w, https:\/\/mi-registro.net\/wp-content\/uploads\/2020\/02\/pexels-karola-g-7680750-360x540.jpg 360w, https:\/\/mi-registro.net\/wp-content\/uploads\/2020\/02\/pexels-karola-g-7680750-640x960.jpg 640w, https:\/\/mi-registro.net\/wp-content\/uploads\/2020\/02\/pexels-karola-g-7680750-1366x2049.jpg 1366w, https:\/\/mi-registro.net\/wp-content\/uploads\/2020\/02\/pexels-karola-g-7680750-1600x2400.jpg 1600w, https:\/\/mi-registro.net\/wp-content\/uploads\/2020\/02\/pexels-karola-g-7680750-1920x2880.jpg 1920w, https:\/\/mi-registro.net\/wp-content\/uploads\/2020\/02\/pexels-karola-g-7680750-600x900.jpg 600w, https:\/\/mi-registro.net\/wp-content\/uploads\/2020\/02\/pexels-karola-g-7680750-scaled.jpg 1707w\" sizes=\"(max-width: 768px) 100vw, 768px\" \/><\/div>\n\t\t<\/a>\n\t\t\t\t<div class=\"elementor-post__text\">\n\t\t\t\t<h3 class=\"elementor-post__title\">\n\t\t\t<a href=\"https:\/\/mi-registro.net\/ca\/novetats\/llei-registre-diari-de-jornada-laboral-2021\/\" >\n\t\t\t\tRegistre de jornada laboral a Espanya 2026: normativa, requisits i sancions\t\t\t<\/a>\n\t\t<\/h3>\n\t\t\t\t<div class=\"elementor-post__excerpt\">\n\t\t\t<p>Encara que el 2026 encara no s&#8217;ha publicat un nou Reial decret definitiu sobre registre digital obligatori, la tend\u00e8ncia normativa apunta cap a sistemes tecnol\u00f2gics amb m\u00e9s tra\u00e7abilitat i control.<\/p>\n\t\t<\/div>\n\t\t\t\t\t<div class=\"elementor-post__read-more-wrapper\">\n\t\t\n\t\t<a class=\"elementor-post__read-more\" href=\"https:\/\/mi-registro.net\/ca\/novetats\/llei-registre-diari-de-jornada-laboral-2021\/\" aria-label=\"Read more about Registre de jornada laboral a Espanya 2026: normativa, requisits i sancions\" tabindex=\"-1\" >\n\t\t\tLlegir m\u00e9s \u2192\t\t<\/a>\n\n\t\t\t\t\t<\/div>\n\t\t\t\t<\/div>\n\t\t\t\t<\/article>\n\t\t\t\t<\/div>\n\t\t\n\t\t\t\t<div class=\"e-load-more-anchor\" data-page=\"1\" data-max-page=\"2\" data-next-page=\"https:\/\/mi-registro.net\/ca\/wp-json\/wp\/v2\/pages\/14873\/page\/2\/\"><\/div>\n\t\t\t\t<nav class=\"elementor-pagination\" aria-label=\"Paginaci\u00f3\">\n\t\t\t<span class=\"page-numbers prev\">\u00ab Anterior<\/span>\n<span aria-current=\"page\" class=\"page-numbers current\"><span class=\"elementor-screen-only\">P\u00e0gina<\/span>1<\/span>\n<a class=\"page-numbers\" href=\"https:\/\/mi-registro.net\/ca\/wp-json\/wp\/v2\/pages\/14873\/page\/2\/\"><span class=\"elementor-screen-only\">P\u00e0gina<\/span>2<\/a>\n<a class=\"page-numbers next\" href=\"https:\/\/mi-registro.net\/ca\/wp-json\/wp\/v2\/pages\/14873\/page\/2\/\">Seg\u00fcent \u00bb<\/a>\t\t<\/nav>\n\t\t\t\t\t\t<\/div>\n\t\t\t\t<\/div>\n\t\t\t\t\t<\/div>\n\t\t\t\t<\/div>\n\t\t<div class=\"elementor-element elementor-element-bd4210b e-flex e-con-boxed e-con e-parent\" data-id=\"bd4210b\" data-element_type=\"container\" data-e-type=\"container\">\n\t\t\t\t\t<div class=\"e-con-inner\">\n\t\t\t\t<div class=\"elementor-element elementor-element-a49c539 elementor-widget elementor-widget-template\" data-id=\"a49c539\" data-element_type=\"widget\" data-e-type=\"widget\" data-widget_type=\"template.default\">\n\t\t\t\t<div class=\"elementor-widget-container\">\n\t\t\t\t\t\t\t<div class=\"elementor-template\">\n\t\t\t\t\t<div data-elementor-type=\"container\" data-elementor-id=\"15648\" class=\"elementor elementor-15648 elementor-15618 elementor-15618\" data-elementor-post-type=\"elementor_library\">\n\t\t\t\t<div class=\"elementor-element elementor-element-5cac7700 e-flex e-con-boxed e-con e-parent\" data-id=\"5cac7700\" data-element_type=\"container\" data-e-type=\"container\" id=\"solicitar-demo\">\n\t\t\t\t\t<div class=\"e-con-inner\">\n\t\t<div class=\"elementor-element elementor-element-57d0fdfc e-flex e-con-boxed e-con e-child\" data-id=\"57d0fdfc\" data-element_type=\"container\" data-e-type=\"container\">\n\t\t\t\t\t<div class=\"e-con-inner\">\n\t\t\t\t<div class=\"elementor-element elementor-element-388c3fa0 elementor-widget elementor-widget-heading\" data-id=\"388c3fa0\" data-element_type=\"widget\" data-e-type=\"widget\" data-widget_type=\"heading.default\">\n\t\t\t\t<div class=\"elementor-widget-container\">\n\t\t\t\t\t<p class=\"elementor-heading-title elementor-size-default\">Sol\u00b7licitar una demostraci\u00f3 gratu\u00efta<\/p>\t\t\t\t<\/div>\n\t\t\t\t<\/div>\n\t\t<div class=\"elementor-element elementor-element-4f8dabc7 e-flex e-con-boxed e-con e-child\" data-id=\"4f8dabc7\" data-element_type=\"container\" data-e-type=\"container\">\n\t\t\t\t\t<div class=\"e-con-inner\">\n\t\t\t\t<div class=\"elementor-element elementor-element-6b517f67 elementor-widget elementor-widget-heading\" data-id=\"6b517f67\" data-element_type=\"widget\" data-e-type=\"widget\" data-widget_type=\"heading.default\">\n\t\t\t\t<div class=\"elementor-widget-container\">\n\t\t\t\t\t<p class=\"elementor-heading-title elementor-size-default\">Prefereixes que parlem?<\/p>\t\t\t\t<\/div>\n\t\t\t\t<\/div>\n\t\t\t\t<div class=\"elementor-element elementor-element-744ed5da elementor-icon-list--layout-traditional elementor-list-item-link-full_width elementor-widget elementor-widget-icon-list\" data-id=\"744ed5da\" data-element_type=\"widget\" data-e-type=\"widget\" data-widget_type=\"icon-list.default\">\n\t\t\t\t<div class=\"elementor-widget-container\">\n\t\t\t\t\t\t\t<ul class=\"elementor-icon-list-items\">\n\t\t\t\t\t\t\t<li class=\"elementor-icon-list-item\">\n\t\t\t\t\t\t\t\t\t\t\t<a href=\"tel:+34696149760\">\n\n\t\t\t\t\t\t\t\t\t\t\t\t<span class=\"elementor-icon-list-icon\">\n\t\t\t\t\t\t\t<svg xmlns=\"http:\/\/www.w3.org\/2000\/svg\" width=\"32\" height=\"32\" viewBox=\"0 0 32 32\" fill=\"none\"><rect width=\"32\" height=\"32\" rx=\"16\" fill=\"#E7F3FE\"><\/rect><path d=\"M22.625 23.5C20.8889 23.5 19.1736 23.1215 17.4792 22.3646C15.7847 21.6076 14.2431 20.5347 12.8542 19.1458C11.4653 17.7569 10.3924 16.2153 9.63542 14.5208C8.87847 12.8264 8.5 11.1111 8.5 9.375C8.5 9.125 8.58333 8.91667 8.75 8.75C8.91667 8.58333 9.125 8.5 9.375 8.5H12.75C12.9444 8.5 13.1181 8.56597 13.2708 8.69792C13.4236 8.82986 13.5139 8.98611 13.5417 9.16667L14.0833 12.0833C14.1111 12.3056 14.1042 12.4931 14.0625 12.6458C14.0208 12.7986 13.9444 12.9306 13.8333 13.0417L11.8125 15.0833C12.0903 15.5972 12.4201 16.0938 12.8021 16.5729C13.184 17.0521 13.6042 17.5139 14.0625 17.9583C14.4931 18.3889 14.9444 18.7882 15.4167 19.1562C15.8889 19.5243 16.3889 19.8611 16.9167 20.1667L18.875 18.2083C19 18.0833 19.1632 17.9896 19.3646 17.9271C19.566 17.8646 19.7639 17.8472 19.9583 17.875L22.8333 18.4583C23.0278 18.5139 23.1875 18.6146 23.3125 18.7604C23.4375 18.9062 23.5 19.0694 23.5 19.25V22.625C23.5 22.875 23.4167 23.0833 23.25 23.25C23.0833 23.4167 22.875 23.5 22.625 23.5ZM11.0208 13.5L12.3958 12.125L12.0417 10.1667H10.1875C10.2569 10.7361 10.3542 11.2986 10.4792 11.8542C10.6042 12.4097 10.7847 12.9583 11.0208 13.5ZM18.4792 20.9583C19.0208 21.1944 19.5729 21.3819 20.1354 21.5208C20.6979 21.6597 21.2639 21.75 21.8333 21.7917V19.9583L19.875 19.5625L18.4792 20.9583Z\" fill=\"#1B426C\"><\/path><\/svg>\t\t\t\t\t\t<\/span>\n\t\t\t\t\t\t\t\t\t\t<span class=\"elementor-icon-list-text\">696 14 97 60<\/span>\n\t\t\t\t\t\t\t\t\t\t\t<\/a>\n\t\t\t\t\t\t\t\t\t<\/li>\n\t\t\t\t\t\t<\/ul>\n\t\t\t\t\t\t<\/div>\n\t\t\t\t<\/div>\n\t\t\t\t\t<\/div>\n\t\t\t\t<\/div>\n\t\t\t\t<div class=\"elementor-element elementor-element-16fa047a elementor-widget elementor-widget-heading\" data-id=\"16fa047a\" data-element_type=\"widget\" data-e-type=\"widget\" data-widget_type=\"heading.default\">\n\t\t\t\t<div class=\"elementor-widget-container\">\n\t\t\t\t\t<p class=\"elementor-heading-title elementor-size-default\">Deixa'ns les teves dades i un especialista t'ensenyar\u00e0 com adaptar l'eina al teu negoci i complir la llei en pocs minuts.<\/p>\t\t\t\t<\/div>\n\t\t\t\t<\/div>\n\t\t\t\t<div class=\"elementor-element elementor-element-168c52f5 elementor-button-align-stretch elementor-widget elementor-widget-form\" data-id=\"168c52f5\" data-element_type=\"widget\" data-e-type=\"widget\" data-settings=\"{&quot;step_next_label&quot;:&quot;Siguiente&quot;,&quot;step_previous_label&quot;:&quot;Anterior&quot;,&quot;button_width&quot;:&quot;30&quot;,&quot;step_type&quot;:&quot;number_text&quot;,&quot;step_icon_shape&quot;:&quot;circle&quot;}\" data-widget_type=\"form.default\">\n\t\t\t\t<div class=\"elementor-widget-container\">\n\t\t\t\t\t\t\t<form class=\"elementor-form\" method=\"post\" name=\"Nou formulari\" aria-label=\"Nou formulari\">\n\t\t\t<input type=\"hidden\" name=\"post_id\" value=\"15648\"\/>\n\t\t\t<input type=\"hidden\" name=\"form_id\" value=\"168c52f5\"\/>\n\t\t\t<input type=\"hidden\" name=\"referer_title\" value=\"App de registre horari 2026: guia completa i requisits legals\" \/>\n\n\t\t\t\t\t\t\t<input type=\"hidden\" name=\"queried_id\" value=\"15000\"\/>\n\t\t\t\n\t\t\t<div class=\"elementor-form-fields-wrapper elementor-labels-\">\n\t\t\t\t\t\t\t\t<div class=\"elementor-field-type-text elementor-field-group elementor-column elementor-field-group-name elementor-col-100 elementor-field-required\">\n\t\t\t\t\t\t\t\t\t\t\t\t<label for=\"form-field-name\" class=\"elementor-field-label elementor-screen-only\">\n\t\t\t\t\t\t\t\tNom\t\t\t\t\t\t\t<\/label>\n\t\t\t\t\t\t\t\t\t\t\t\t\t\t<input size=\"1\" type=\"text\" name=\"form_fields[name]\" id=\"form-field-name\" class=\"elementor-field elementor-size-sm  elementor-field-textual\" placeholder=\"Nom\" required=\"required\">\n\t\t\t\t\t\t\t\t\t\t\t<\/div>\n\t\t\t\t\t\t\t\t<div class=\"elementor-field-type-tel elementor-field-group elementor-column elementor-field-group-tel elementor-col-50 elementor-field-required\">\n\t\t\t\t\t\t\t\t\t\t\t\t<label for=\"form-field-tel\" class=\"elementor-field-label elementor-screen-only\">\n\t\t\t\t\t\t\t\tTel\u00e8fon\t\t\t\t\t\t\t<\/label>\n\t\t\t\t\t\t\t\t<input size=\"1\" type=\"tel\" name=\"form_fields[tel]\" id=\"form-field-tel\" class=\"elementor-field elementor-size-sm  elementor-field-textual\" placeholder=\"Tel\u00e8fon\" required=\"required\" pattern=\"[0-9()#&amp;+*-=.]+\" title=\"Only numbers and phone characters (#, -, *, etc) are accepted.\">\n\n\t\t\t\t\t\t<\/div>\n\t\t\t\t\t\t\t\t<div class=\"elementor-field-type-email elementor-field-group elementor-column elementor-field-group-email elementor-col-50 elementor-field-required\">\n\t\t\t\t\t\t\t\t\t\t\t\t<label for=\"form-field-email\" class=\"elementor-field-label elementor-screen-only\">\n\t\t\t\t\t\t\t\tEmail\t\t\t\t\t\t\t<\/label>\n\t\t\t\t\t\t\t\t\t\t\t\t\t\t<input size=\"1\" type=\"email\" name=\"form_fields[email]\" id=\"form-field-email\" class=\"elementor-field elementor-size-sm  elementor-field-textual\" placeholder=\"Correu electr\u00f2nic\" required=\"required\">\n\t\t\t\t\t\t\t\t\t\t\t<\/div>\n\t\t\t\t\t\t\t\t<div class=\"elementor-field-type-textarea elementor-field-group elementor-column elementor-field-group-message elementor-col-100\">\n\t\t\t\t\t\t\t\t\t\t\t\t<label for=\"form-field-message\" class=\"elementor-field-label elementor-screen-only\">\n\t\t\t\t\t\t\t\tMissatge\t\t\t\t\t\t\t<\/label>\n\t\t\t\t\t\t<textarea class=\"elementor-field-textual elementor-field  elementor-size-sm\" name=\"form_fields[message]\" id=\"form-field-message\" rows=\"4\" placeholder=\"Escriu aqu\u00ed els teus comentaris\"><\/textarea>\t\t\t\t<\/div>\n\t\t\t\t\t\t\t\t<div class=\"elementor-field-type-checkbox elementor-field-group elementor-column elementor-field-group-field_d6d4526 elementor-col-100\">\n\t\t\t\t\t<div class=\"elementor-field-subgroup  \"><span class=\"elementor-field-option\"><input type=\"checkbox\" value=\"Entenc i accepto la &lt;a href=&quot;https:\/\/mi-registro.net\/ca\/politica-de-privacitat\/&quot;&gt;pol\u00edtica de privadesa&lt;\/a&gt;\" id=\"form-field-field_d6d4526-0\" name=\"form_fields[field_d6d4526]\"> <label for=\"form-field-field_d6d4526-0\">Entenc i accepto la <a href=\"https:\/\/mi-registro.net\/ca\/politica-de-privacitat\/\">pol\u00edtica de privadesa<\/a><\/label><\/span><\/div>\t\t\t\t<\/div>\n\t\t\t\t\t\t\t\t<div class=\"elementor-field-type-recaptcha_v3 elementor-field-group elementor-column elementor-field-group-field_8f0e79b elementor-col-100 recaptcha_v3-bottomright\">\n\t\t\t\t\t<div class=\"elementor-field\" id=\"form-field-field_8f0e79b\"><div class=\"elementor-g-recaptcha\" data-sitekey=\"6LdSSvMmAAAAAMnqdUKivaxueU7bGQbP7RK0A0n5\" data-type=\"v3\" data-action=\"Form\" data-badge=\"bottomright\" data-size=\"invisible\"><\/div><\/div>\t\t\t\t<\/div>\n\t\t\t\t\t\t\t\t<div class=\"elementor-field-group elementor-column elementor-field-type-submit elementor-col-30 e-form__buttons\">\n\t\t\t\t\t<button class=\"elementor-button elementor-size-sm\" type=\"submit\">\n\t\t\t\t\t\t<span class=\"elementor-button-content-wrapper\">\n\t\t\t\t\t\t\t\t\t\t\t\t\t\t\t\t\t\t\t\t\t\t<span class=\"elementor-button-text\">Enviar<\/span>\n\t\t\t\t\t\t\t\t\t\t\t\t\t<\/span>\n\t\t\t\t\t<\/button>\n\t\t\t\t<\/div>\n\t\t\t<\/div>\n\t\t<\/form>\n\t\t\t\t\t\t<\/div>\n\t\t\t\t<\/div>\n\t\t\t\t\t<\/div>\n\t\t\t\t<\/div>\n\t\t<div class=\"elementor-element elementor-element-7fb53b1e e-con-full elementor-hidden-tablet elementor-hidden-mobile e-flex e-con e-child\" data-id=\"7fb53b1e\" data-element_type=\"container\" data-e-type=\"container\" data-settings=\"{&quot;background_background&quot;:&quot;classic&quot;}\">\n\t\t\t\t<\/div>\n\t\t\t\t\t<\/div>\n\t\t\t\t<\/div>\n\t\t\t\t<\/div>\n\t\t\t\t<\/div>\n\t\t\t\t\t\t<\/div>\n\t\t\t\t<\/div>\n\t\t\t\t\t<\/div>\n\t\t\t\t<\/div>\n\t\t<div class=\"elementor-element elementor-element-b0e1300 e-flex e-con-boxed e-con e-parent\" data-id=\"b0e1300\" data-element_type=\"container\" data-e-type=\"container\">\n\t\t\t\t\t<div class=\"e-con-inner\">\n\t\t<div class=\"elementor-element elementor-element-ee272e5 fichar_home_gradient e-flex e-con-boxed e-con e-child\" data-id=\"ee272e5\" data-element_type=\"container\" data-e-type=\"container\">\n\t\t\t\t\t<div class=\"e-con-inner\">\n\t\t<div class=\"elementor-element elementor-element-4ca9b62 e-con-full e-flex e-con e-child\" data-id=\"4ca9b62\" data-element_type=\"container\" data-e-type=\"container\">\n\t\t\t\t<div class=\"elementor-element elementor-element-1a9e4b7 elementor-widget elementor-widget-heading\" data-id=\"1a9e4b7\" data-element_type=\"widget\" data-e-type=\"widget\" data-widget_type=\"heading.default\">\n\t\t\t\t<div class=\"elementor-widget-container\">\n\t\t\t\t\t<h3 class=\"elementor-heading-title elementor-size-default\">Fitxar mai ha estat tan f\u00e0cil<\/h3>\t\t\t\t<\/div>\n\t\t\t\t<\/div>\n\t\t\t\t<div class=\"elementor-element elementor-element-758df6c elementor-widget__width-initial elementor-widget elementor-widget-heading\" data-id=\"758df6c\" data-element_type=\"widget\" data-e-type=\"widget\" data-widget_type=\"heading.default\">\n\t\t\t\t<div class=\"elementor-widget-container\">\n\t\t\t\t\t<h2 class=\"elementor-heading-title elementor-size-default\">Descarrega la nostra app per a empleats i registra la teva jornada en un segon, siguis on siguis. Disponible per a iOS i Android. <\/h2>\t\t\t\t<\/div>\n\t\t\t\t<\/div>\n\t\t<div class=\"elementor-element elementor-element-c13842c e-flex e-con-boxed e-con e-child\" data-id=\"c13842c\" data-element_type=\"container\" data-e-type=\"container\">\n\t\t\t\t\t<div class=\"e-con-inner\">\n\t\t\t\t<div class=\"elementor-element elementor-element-95255c7 elementor-widget elementor-widget-image\" data-id=\"95255c7\" data-element_type=\"widget\" data-e-type=\"widget\" data-widget_type=\"image.default\">\n\t\t\t\t<div class=\"elementor-widget-container\">\n\t\t\t\t\t\t\t\t\t\t\t\t\t\t\t\t<a href=\"https:\/\/play.google.com\/store\/apps\/details?id=com.miregistro.app\">\n\t\t\t\t\t\t\t<img loading=\"lazy\" decoding=\"async\" width=\"1\" height=\"1\" src=\"https:\/\/mi-registro.net\/wp-content\/uploads\/2026\/01\/googleplay.svg\" class=\"attachment-full size-full wp-image-14507\" alt=\"\" \/>\t\t\t\t\t\t\t\t<\/a>\n\t\t\t\t\t\t\t\t\t\t\t\t\t\t\t<\/div>\n\t\t\t\t<\/div>\n\t\t\t\t<div class=\"elementor-element elementor-element-eb8e201 elementor-widget elementor-widget-image\" data-id=\"eb8e201\" data-element_type=\"widget\" data-e-type=\"widget\" data-widget_type=\"image.default\">\n\t\t\t\t<div class=\"elementor-widget-container\">\n\t\t\t\t\t\t\t\t\t\t\t\t\t\t\t\t<a href=\"https:\/\/apps.apple.com\/es\/app\/mi-registro\/id1550976884\">\n\t\t\t\t\t\t\t<img loading=\"lazy\" decoding=\"async\" width=\"165\" height=\"48\" src=\"https:\/\/mi-registro.net\/wp-content\/uploads\/2026\/01\/appstore.svg\" class=\"attachment-full size-full wp-image-14505\" alt=\"logo appstore\" \/>\t\t\t\t\t\t\t\t<\/a>\n\t\t\t\t\t\t\t\t\t\t\t\t\t\t\t<\/div>\n\t\t\t\t<\/div>\n\t\t\t\t\t<\/div>\n\t\t\t\t<\/div>\n\t\t\t\t<\/div>\n\t\t<div class=\"elementor-element elementor-element-e6f31e6 e-con-full e-flex elementor-invisible e-con e-child\" data-id=\"e6f31e6\" data-element_type=\"container\" data-e-type=\"container\" data-settings=\"{&quot;background_background&quot;:&quot;classic&quot;,&quot;animation&quot;:&quot;fadeInRight&quot;}\">\n\t\t\t\t<\/div>\n\t\t\t\t\t<\/div>\n\t\t\t\t<\/div>\n\t\t\t\t\t<\/div>\n\t\t\t\t<\/div>\n\t\t\t\t<\/div>\n\t\t","protected":false},"excerpt":{"rendered":"<p>Descobreix les \u00faltimes novetats i consells Mant\u00e9n-te al dia amb els nostres articles sobre gesti\u00f3 de registres, productivitat i les millors pr\u00e0ctiques per al teu negoci. Contacta Articles recents Fitxar mai ha estat tan f\u00e0cil Descarrega la nostra app per a empleats i registra la teva jornada en un segon, siguis on siguis. Disponible per [&hellip;]<\/p>\n","protected":false},"author":66,"featured_media":0,"parent":0,"menu_order":0,"comment_status":"closed","ping_status":"closed","template":"","meta":{"_acf_changed":false,"inline_featured_image":false,"footnotes":""},"tags":[],"class_list":["post-14873","page","type-page","status-publish","hentry"],"acf":[],"yoast_head":"<!-- This site is optimized with the Yoast SEO plugin v27.5 - https:\/\/yoast.com\/product\/yoast-seo-wordpress\/ -->\n<title>Software de Registre de Jornada Laboral | Control Horari Hores Treballades<\/title>\n<meta name=\"description\" content=\"Mi-Registro ofereix un Software de Registre de Jornada Laboral molt simple i c\u00f2mode. Programa i app de Control Horari i Hores Treballades.\" \/>\n<meta name=\"robots\" content=\"noindex, follow, max-snippet:-1, max-image-preview:large, max-video-preview:-1\" \/>\n<meta property=\"og:locale\" content=\"ca_ES\" \/>\n<meta property=\"og:type\" content=\"article\" \/>\n<meta property=\"og:title\" content=\"Software de Registre de Jornada Laboral | Control Horari Hores Treballades\" \/>\n<meta property=\"og:description\" content=\"Mi-Registro ofereix un Software de Registre de Jornada Laboral molt simple i c\u00f2mode. Programa i app de Control Horari i Hores Treballades.\" \/>\n<meta property=\"og:url\" content=\"https:\/\/mi-registro.net\/ca\/blog\/\" \/>\n<meta property=\"og:site_name\" content=\"Mi Registro\" \/>\n<meta property=\"article:modified_time\" content=\"2026-04-01T14:42:13+00:00\" \/>\n<meta property=\"og:image\" content=\"https:\/\/mi-registro.net\/wp-content\/uploads\/2026\/01\/googleplay.svg\" \/>\n<meta name=\"twitter:card\" content=\"summary_large_image\" \/>\n<!-- \/ Yoast SEO plugin. -->","yoast_head_json":{"title":"Software de Registre de Jornada Laboral | Control Horari Hores Treballades","description":"Mi-Registro ofereix un Software de Registre de Jornada Laboral molt simple i c\u00f2mode. Programa i app de Control Horari i Hores Treballades.","robots":{"index":"noindex","follow":"follow","max-snippet":"max-snippet:-1","max-image-preview":"max-image-preview:large","max-video-preview":"max-video-preview:-1"},"og_locale":"ca_ES","og_type":"article","og_title":"Software de Registre de Jornada Laboral | Control Horari Hores Treballades","og_description":"Mi-Registro ofereix un Software de Registre de Jornada Laboral molt simple i c\u00f2mode. Programa i app de Control Horari i Hores Treballades.","og_url":"https:\/\/mi-registro.net\/ca\/blog\/","og_site_name":"Mi Registro","article_modified_time":"2026-04-01T14:42:13+00:00","og_image":[{"url":"https:\/\/mi-registro.net\/wp-content\/uploads\/2026\/01\/googleplay.svg","type":"","width":"","height":""}],"twitter_card":"summary_large_image","schema":{"@context":"https:\/\/schema.org","@graph":[{"@type":"WebPage","@id":"https:\/\/mi-registro.net\/ca\/blog\/","url":"https:\/\/mi-registro.net\/ca\/blog\/","name":"Software de Registre de Jornada Laboral | Control Horari Hores Treballades","isPartOf":{"@id":"https:\/\/mi-registro.net\/#website"},"primaryImageOfPage":{"@id":"https:\/\/mi-registro.net\/ca\/blog\/#primaryimage"},"image":{"@id":"https:\/\/mi-registro.net\/ca\/blog\/#primaryimage"},"thumbnailUrl":"https:\/\/mi-registro.net\/wp-content\/uploads\/2026\/01\/googleplay.svg","datePublished":"2026-01-30T15:04:43+00:00","dateModified":"2026-04-01T14:42:13+00:00","description":"Mi-Registro ofereix un Software de Registre de Jornada Laboral molt simple i c\u00f2mode. Programa i app de Control Horari i Hores Treballades.","breadcrumb":{"@id":"https:\/\/mi-registro.net\/ca\/blog\/#breadcrumb"},"inLanguage":"ca","potentialAction":[{"@type":"ReadAction","target":["https:\/\/mi-registro.net\/ca\/blog\/"]}]},{"@type":"ImageObject","inLanguage":"ca","@id":"https:\/\/mi-registro.net\/ca\/blog\/#primaryimage","url":"https:\/\/mi-registro.net\/wp-content\/uploads\/2026\/01\/googleplay.svg","contentUrl":"https:\/\/mi-registro.net\/wp-content\/uploads\/2026\/01\/googleplay.svg"},{"@type":"BreadcrumbList","@id":"https:\/\/mi-registro.net\/ca\/blog\/#breadcrumb","itemListElement":[{"@type":"ListItem","position":1,"name":"Portada","item":"https:\/\/mi-registro.net\/ca\/el-meu-registre\/"},{"@type":"ListItem","position":2,"name":"Blog"}]},{"@type":"WebSite","@id":"https:\/\/mi-registro.net\/#website","url":"https:\/\/mi-registro.net\/","name":"Mi Registro","description":"Control Horario Trabajadores - Simple y Econ\u00f3mico","publisher":{"@id":"https:\/\/mi-registro.net\/#organization"},"potentialAction":[{"@type":"SearchAction","target":{"@type":"EntryPoint","urlTemplate":"https:\/\/mi-registro.net\/?s={search_term_string}"},"query-input":{"@type":"PropertyValueSpecification","valueRequired":true,"valueName":"search_term_string"}}],"inLanguage":"ca"},{"@type":"Organization","@id":"https:\/\/mi-registro.net\/#organization","name":"Mi-registro","url":"https:\/\/mi-registro.net\/","logo":{"@type":"ImageObject","inLanguage":"ca","@id":"https:\/\/mi-registro.net\/#\/schema\/logo\/image\/","url":"https:\/\/mi-registro.net\/wp-content\/uploads\/2021\/05\/logo.svg","contentUrl":"https:\/\/mi-registro.net\/wp-content\/uploads\/2021\/05\/logo.svg","width":210,"height":75,"caption":"Mi-registro"},"image":{"@id":"https:\/\/mi-registro.net\/#\/schema\/logo\/image\/"}}]}},"_links":{"self":[{"href":"https:\/\/mi-registro.net\/ca\/wp-json\/wp\/v2\/pages\/14873","targetHints":{"allow":["GET"]}}],"collection":[{"href":"https:\/\/mi-registro.net\/ca\/wp-json\/wp\/v2\/pages"}],"about":[{"href":"https:\/\/mi-registro.net\/ca\/wp-json\/wp\/v2\/types\/page"}],"author":[{"embeddable":true,"href":"https:\/\/mi-registro.net\/ca\/wp-json\/wp\/v2\/users\/66"}],"replies":[{"embeddable":true,"href":"https:\/\/mi-registro.net\/ca\/wp-json\/wp\/v2\/comments?post=14873"}],"version-history":[{"count":1,"href":"https:\/\/mi-registro.net\/ca\/wp-json\/wp\/v2\/pages\/14873\/revisions"}],"predecessor-version":[{"id":15756,"href":"https:\/\/mi-registro.net\/ca\/wp-json\/wp\/v2\/pages\/14873\/revisions\/15756"}],"wp:attachment":[{"href":"https:\/\/mi-registro.net\/ca\/wp-json\/wp\/v2\/media?parent=14873"}],"wp:term":[{"taxonomy":"post_tag","embeddable":true,"href":"https:\/\/mi-registro.net\/ca\/wp-json\/wp\/v2\/tags?post=14873"}],"curies":[{"name":"wp","href":"https:\/\/api.w.org\/{rel}","templated":true}]}}