{"id":14980,"date":"2026-02-03T15:19:56","date_gmt":"2026-02-03T15:19:56","guid":{"rendered":"https:\/\/mi-registro.net\/condicions-dus\/"},"modified":"2026-03-05T11:17:26","modified_gmt":"2026-03-05T11:17:26","slug":"condicions-dus","status":"publish","type":"page","link":"https:\/\/mi-registro.net\/ca\/condicions-dus\/","title":{"rendered":"Condicions d&#8217;\u00fas"},"content":{"rendered":"\t\t<div data-elementor-type=\"wp-page\" data-elementor-id=\"14980\" class=\"elementor elementor-14980 elementor-6298\" data-elementor-post-type=\"page\">\n\t\t\t\t\t\t<section class=\"elementor-section elementor-top-section elementor-element elementor-element-4d94fe18 elementor-section-boxed elementor-section-height-default elementor-section-height-default\" data-id=\"4d94fe18\" data-element_type=\"section\" data-e-type=\"section\">\n\t\t\t\t\t\t<div class=\"elementor-container elementor-column-gap-default\">\n\t\t\t\t\t<div class=\"elementor-column elementor-col-100 elementor-top-column elementor-element elementor-element-e4ca18f\" data-id=\"e4ca18f\" data-element_type=\"column\" data-e-type=\"column\">\n\t\t\t<div class=\"elementor-widget-wrap elementor-element-populated\">\n\t\t\t\t\t\t<div class=\"elementor-element elementor-element-3ec7fe45 elementor-widget elementor-widget-text-editor\" data-id=\"3ec7fe45\" data-element_type=\"widget\" data-e-type=\"widget\" data-widget_type=\"text-editor.default\">\n\t\t\t\t<div class=\"elementor-widget-container\">\n\t\t\t\t\t\t\t\t\t<p><\/p>\n<h2>Terme d&#8217;\u00fas i condicions generals de contractaci\u00f3<\/h2>\n<p><\/p>\t\t\t\t\t\t\t\t<\/div>\n\t\t\t\t<\/div>\n\t\t\t\t<div class=\"elementor-element elementor-element-52a4341 elementor-widget elementor-widget-text-editor\" data-id=\"52a4341\" data-element_type=\"widget\" data-e-type=\"widget\" data-widget_type=\"text-editor.default\">\n\t\t\t\t<div class=\"elementor-widget-container\">\n\t\t\t\t\t\t\t\t\t<p>Els presents termes d&#8217;\u00fas i condicions generals de contractaci\u00f3 (d&#8217;ara endavant Condicions Generals), regulen el servei creat denominat MiRegistro i qualsevol de les seves aplicacions (incloses les aplicacions m\u00f2bils), aix\u00ed com els seus continguts, els quals estan administrats i s\u00f3n titularitat de la mercantil Ernesto Terabyte, SL.<\/p>\t\t\t\t\t\t\t\t<\/div>\n\t\t\t\t<\/div>\n\t\t\t\t<div class=\"elementor-element elementor-element-f58f418 elementor-widget elementor-widget-text-editor\" data-id=\"f58f418\" data-element_type=\"widget\" data-e-type=\"widget\" data-widget_type=\"text-editor.default\">\n\t\t\t\t<div class=\"elementor-widget-container\">\n\t\t\t\t\t\t\t\t\t<p>El Client en tot moment, podr\u00e0 accedir, imprimir, descarregar i desar els Termes d&#8217;\u00das i Condicions Generals de Contractaci\u00f3, les quals estaran permanentment accessibles al Lloc Web <strong>https:\/\/mi-registro.net\/<\/strong><\/p>\t\t\t\t\t\t\t\t<\/div>\n\t\t\t\t<\/div>\n\t\t\t\t<div class=\"elementor-element elementor-element-f08de83 elementor-widget elementor-widget-text-editor\" data-id=\"f08de83\" data-element_type=\"widget\" data-e-type=\"widget\" data-widget_type=\"text-editor.default\">\n\t\t\t\t<div class=\"elementor-widget-container\">\n\t\t\t\t\t\t\t\t\t<h4><b>PRIMER.- OBJECTE <\/b><\/h4>\t\t\t\t\t\t\t\t<\/div>\n\t\t\t\t<\/div>\n\t\t\t\t<div class=\"elementor-element elementor-element-e1cfcfc elementor-widget elementor-widget-text-editor\" data-id=\"e1cfcfc\" data-element_type=\"widget\" data-e-type=\"widget\" data-widget_type=\"text-editor.default\">\n\t\t\t\t<div class=\"elementor-widget-container\">\n\t\t\t\t\t\t\t\t\t<p><span style=\"font-weight: 400;\">S&#8217;estableixen a continuaci\u00f3 els termes d&#8217;\u00fas i condicions generals per a la contractaci\u00f3 del servei<\/span> <b>MiRegistro<\/b> <span style=\"font-weight: 400;\">, prestat per Ernesto Terabyte, les quals, resulten constitutives d&#8217;un contracte, entre l&#8217;Usuari del Servei (d&#8217;ara endavant El Client), i la mercantil prove\u00efdora del servei, Ernesto Terabyte (d&#8217;ara endavant Ernesto Terabyte).<\/span><\/p>\t\t\t\t\t\t\t\t<\/div>\n\t\t\t\t<\/div>\n\t\t\t\t<div class=\"elementor-element elementor-element-1d89028 elementor-widget elementor-widget-text-editor\" data-id=\"1d89028\" data-element_type=\"widget\" data-e-type=\"widget\" data-widget_type=\"text-editor.default\">\n\t\t\t\t<div class=\"elementor-widget-container\">\n\t\t\t\t\t\t\t\t\t<p><span style=\"font-weight: 400;\">L&#8217;objecte del present contracte, \u00e9s el servei de registre de jornada laboral, anomenat<\/span> <b>MiRegistro<\/b> <span style=\"font-weight: 400;\">, amb acc\u00e9s a trav\u00e9s del lloc web, i tamb\u00e9 les seves aplicacions m\u00f2bils, disponibles a les plataformes \u201cApp Store\u201d i \u201cGoogle Play Store\u201d.<\/span> <\/p>\t\t\t\t\t\t\t\t<\/div>\n\t\t\t\t<\/div>\n\t\t\t\t<div class=\"elementor-element elementor-element-7bc589b elementor-widget elementor-widget-text-editor\" data-id=\"7bc589b\" data-element_type=\"widget\" data-e-type=\"widget\" data-widget_type=\"text-editor.default\">\n\t\t\t\t<div class=\"elementor-widget-container\">\n\t\t\t\t\t\t\t\t\t<p><span style=\"font-weight: 400;\">El registre per part del Client i la utilitzaci\u00f3 del servei<\/span> <b>MiRegistro<\/b> <span style=\"font-weight: 400;\">implica una acceptaci\u00f3 expressa, completa, sense reserves ni excepcions dels termes d&#8217;\u00fas del servei i condicions generals de contractaci\u00f3.<\/span> <\/p>\t\t\t\t\t\t\t\t<\/div>\n\t\t\t\t<\/div>\n\t\t\t\t<div class=\"elementor-element elementor-element-12a027f elementor-widget elementor-widget-text-editor\" data-id=\"12a027f\" data-element_type=\"widget\" data-e-type=\"widget\" data-widget_type=\"text-editor.default\">\n\t\t\t\t<div class=\"elementor-widget-container\">\n\t\t\t\t\t\t\t\t\t<h4><strong>SEGON.- CONDICIONS DEL SERVEI<\/strong><\/h4>\t\t\t\t\t\t\t\t<\/div>\n\t\t\t\t<\/div>\n\t\t\t\t<div class=\"elementor-element elementor-element-800c24b elementor-widget elementor-widget-text-editor\" data-id=\"800c24b\" data-element_type=\"widget\" data-e-type=\"widget\" data-widget_type=\"text-editor.default\">\n\t\t\t\t<div class=\"elementor-widget-container\">\n\t\t\t\t\t\t\t\t\t<p><span style=\"font-weight: 400;\">El servei<\/span> <b>MiRegistro<\/b> <span style=\"font-weight: 400;\">, constitueix un \u201cSoftware as a Services\u201d, i \u201cAplicaci\u00f3 software per a dispositius m\u00f2bils\u201d, sota la mateixa denominaci\u00f3, i que es troba disponible en plataformes com \u201cApp Store\u201d i \u201cGoogle Play Store\u201d. Alhora, tamb\u00e9 s&#8217;hi contempla, el suport i atenci\u00f3 al Client, i el manteniment evolutiu general i correctiu que requereixi el Programari.<\/span><\/p>\t\t\t\t\t\t\t\t<\/div>\n\t\t\t\t<\/div>\n\t\t\t\t<div class=\"elementor-element elementor-element-9a59518 elementor-widget elementor-widget-text-editor\" data-id=\"9a59518\" data-element_type=\"widget\" data-e-type=\"widget\" data-widget_type=\"text-editor.default\">\n\t\t\t\t<div class=\"elementor-widget-container\">\n\t\t\t\t\t\t\t\t\t<p>Aquest servei permet al Client, disposar d&#8217;una eina perqu\u00e8 els seus empleats registrin i signin el seu horari laboral, ofereix un gestor web que permet recollir els horaris laborals dels seus empleats, i, tamb\u00e9 permet al Client tenir acc\u00e9s als registres dels horaris laborals de tots els seus empleats. El servei MiRegistro se circumscriu \u00fanicament al registre de la jornada laboral, no del lloc de treball ni tampoc de la ubicaci\u00f3 de l&#8217;empleat. <\/p>\t\t\t\t\t\t\t\t<\/div>\n\t\t\t\t<\/div>\n\t\t\t\t<div class=\"elementor-element elementor-element-d0fc83e elementor-widget elementor-widget-text-editor\" data-id=\"d0fc83e\" data-element_type=\"widget\" data-e-type=\"widget\" data-widget_type=\"text-editor.default\">\n\t\t\t\t<div class=\"elementor-widget-container\">\n\t\t\t\t\t\t\t\t\t<p>Per funcionar, cal el registre previ del Client com a empresari, i la desc\u00e0rrega de cadascun dels seus empleats de l&#8217;aplicaci\u00f3 MiRegistro, perqu\u00e8 l&#8217;empresa pugui registrar i computar la jornada laboral dels seus empleats. En aquest sentit, el Client haur\u00e0 d&#8217;habilitar els dispositius per a cada empleat, realitzar l&#8217;alta de cadascun dels seus empleats en el sistema la jornada laboral del qual es vulgui registrar, i assignar l&#8217;horari corresponent, per la qual cosa, el prove\u00efdor del servei, Ernesto Terabyte, facilitar\u00e0 els corresponents accessos en l\u00ednia al servei. <\/p>\t\t\t\t\t\t\t\t<\/div>\n\t\t\t\t<\/div>\n\t\t\t\t<div class=\"elementor-element elementor-element-6f33608 elementor-widget elementor-widget-text-editor\" data-id=\"6f33608\" data-element_type=\"widget\" data-e-type=\"widget\" data-widget_type=\"text-editor.default\">\n\t\t\t\t<div class=\"elementor-widget-container\">\n\t\t\t\t\t\t\t\t\t<p>Amb les dades registrades per l&#8217;empleat, a l&#8217;inici i finalitzaci\u00f3 de la jornada laboral, el servei MiRegistro, generar\u00e0 per a El Client, la informaci\u00f3 relativa a la jornada laboral realitzada pel seu empleat. Les dades registrades que conformen el registre de la jornada laboral s\u00f3n inalterables, per tant, MiRegistro no atorga al Client la capacitat de modificar, adaptar ni alterar les dades introdu\u00efdes per l&#8217;empleat. \n<\/p>\t\t\t\t\t\t\t\t<\/div>\n\t\t\t\t<\/div>\n\t\t\t\t<div class=\"elementor-element elementor-element-a267195 elementor-widget elementor-widget-text-editor\" data-id=\"a267195\" data-element_type=\"widget\" data-e-type=\"widget\" data-widget_type=\"text-editor.default\">\n\t\t\t\t<div class=\"elementor-widget-container\">\n\t\t\t\t\t\t\t\t\t<p>La prestaci\u00f3 del servei MiRegistro, es realitza mitjan\u00e7ant l&#8217;acc\u00e9s al Programari, disponible al domini https:\/\/elmeu-registre.com\/ o en algun dels seus subdominis.<\/p>\t\t\t\t\t\t\t\t<\/div>\n\t\t\t\t<\/div>\n\t\t\t\t<div class=\"elementor-element elementor-element-7a31197 elementor-widget elementor-widget-text-editor\" data-id=\"7a31197\" data-element_type=\"widget\" data-e-type=\"widget\" data-widget_type=\"text-editor.default\">\n\t\t\t\t<div class=\"elementor-widget-container\">\n\t\t\t\t\t\t\t\t\t<h4><b>TERCER.- CONTRAPRESTACI\u00d3 ECON\u00d2MICA\n<\/b><\/h4>\t\t\t\t\t\t\t\t<\/div>\n\t\t\t\t<\/div>\n\t\t\t\t<div class=\"elementor-element elementor-element-03ea5a8 elementor-widget elementor-widget-text-editor\" data-id=\"03ea5a8\" data-element_type=\"widget\" data-e-type=\"widget\" data-widget_type=\"text-editor.default\">\n\t\t\t\t<div class=\"elementor-widget-container\">\n\t\t\t\t\t\t\t\t\t<p>El servei MiRegistro, t\u00e9 un cost anual de 120,00.-\u20ac, impostos no inclosos, el qual ser\u00e0 adquirit per part del Client via web, mitjan\u00e7ant un \u00fanic pagament a realitzar amb targeta de cr\u00e8dit.<\/p>\t\t\t\t\t\t\t\t<\/div>\n\t\t\t\t<\/div>\n\t\t\t\t<div class=\"elementor-element elementor-element-403ab6d elementor-widget elementor-widget-text-editor\" data-id=\"403ab6d\" data-element_type=\"widget\" data-e-type=\"widget\" data-widget_type=\"text-editor.default\">\n\t\t\t\t<div class=\"elementor-widget-container\">\n\t\t\t\t\t\t\t\t\t<p>A la finalitzaci\u00f3 de l&#8217;any de vig\u00e8ncia del servei, s&#8217;aplicaran les quotes corresponents a la renovaci\u00f3 anual, per la qual cosa El Client per continuar gaudint del servei MiRegistro haur\u00e0 de facilitar n\u00famero de compte bancari al prove\u00efdor del servei, Ernesto Terabyte, on s&#8217;efectuar\u00e0 el c\u00e0rrec corresponent.<\/p>\t\t\t\t\t\t\t\t<\/div>\n\t\t\t\t<\/div>\n\t\t\t\t<div class=\"elementor-element elementor-element-31f8b24 elementor-widget elementor-widget-text-editor\" data-id=\"31f8b24\" data-element_type=\"widget\" data-e-type=\"widget\" data-widget_type=\"text-editor.default\">\n\t\t\t\t<div class=\"elementor-widget-container\">\n\t\t\t\t\t\t\t\t\t<h4>QUART.- DURADA<\/h4>\t\t\t\t\t\t\t\t<\/div>\n\t\t\t\t<\/div>\n\t\t\t\t<div class=\"elementor-element elementor-element-7c45970 elementor-widget elementor-widget-text-editor\" data-id=\"7c45970\" data-element_type=\"widget\" data-e-type=\"widget\" data-widget_type=\"text-editor.default\">\n\t\t\t\t<div class=\"elementor-widget-container\">\n\t\t\t\t\t\t\t\t\t<p>La durada del contracte \u00e9s dun any renovable. Un cop finalitzat el per\u00edode establert, el contracte es renovar\u00e0 de forma autom\u00e0tica per per\u00edodes anuals, excepte en el sup\u00f2sit que el Client, comuniqui per escrit i de forma fefaent a Ernesto Terabyte, a l&#8217;adre\u00e7a de correu electr\u00f2nic contacto@mi-registro.net, i amb un preav\u00eds m\u00ednim de 15 dies h\u00e0bils, la seva voluntat de no renovar el servei MiRegistro. <\/p>\t\t\t\t\t\t\t\t<\/div>\n\t\t\t\t<\/div>\n\t\t\t\t<div class=\"elementor-element elementor-element-ec69219 elementor-widget elementor-widget-text-editor\" data-id=\"ec69219\" data-element_type=\"widget\" data-e-type=\"widget\" data-widget_type=\"text-editor.default\">\n\t\t\t\t<div class=\"elementor-widget-container\">\n\t\t\t\t\t\t\t\t\t<h4>CINQU\u00c8.- OBLIGACIONS DE LES PARTS\n<\/h4>\t\t\t\t\t\t\t\t<\/div>\n\t\t\t\t<\/div>\n\t\t\t\t<div class=\"elementor-element elementor-element-7f82297 elementor-widget elementor-widget-text-editor\" data-id=\"7f82297\" data-element_type=\"widget\" data-e-type=\"widget\" data-widget_type=\"text-editor.default\">\n\t\t\t\t<div class=\"elementor-widget-container\">\n\t\t\t\t\t\t\t\t\t<p>El Client haur\u00e0 de disposar i complir tots els requisits t\u00e8cnics i materials per accedir al portal online, que haur\u00e0 de realitzar-se amb els seus propis mitjans de connexi\u00f3 a Internet, i ser\u00e0 en tot cas responsable de la instal\u00b7laci\u00f3, funcionament, manteniment, \u00fas i compatibilitat del seu maquinari, programari i connexions per accedir a MiRegistro. El prove\u00efdor del servei, Ernesto Terabyte, no ser\u00e0 responsable del funcionament correcte dels equips, connexions ni l\u00ednies de comunicaci\u00f3 del Client. <\/p>\t\t\t\t\t\t\t\t<\/div>\n\t\t\t\t<\/div>\n\t\t\t\t<div class=\"elementor-element elementor-element-376dfcf elementor-widget elementor-widget-text-editor\" data-id=\"376dfcf\" data-element_type=\"widget\" data-e-type=\"widget\" data-widget_type=\"text-editor.default\">\n\t\t\t\t<div class=\"elementor-widget-container\">\n\t\t\t\t\t\t\t\t\t<p>Li correspon de forma exclusiva al Client, en la utilitzaci\u00f3 del servei MiRegistro, el deure d&#8217;informar correctament els seus empleats i representants dels treballadors, de conformitat amb la legislaci\u00f3 laboral vigent, dels aspectes relatius a la protecci\u00f3 de dades i al dret laboral que sigui aplicable, i, tamb\u00e9 \u00e9s responsable del compliment de la normativa que correspongui, per a la implantaci\u00f3 del sistema de registre laboral a la seva empresa.<\/p>\t\t\t\t\t\t\t\t<\/div>\n\t\t\t\t<\/div>\n\t\t\t\t<div class=\"elementor-element elementor-element-edf27e4 elementor-widget elementor-widget-text-editor\" data-id=\"edf27e4\" data-element_type=\"widget\" data-e-type=\"widget\" data-widget_type=\"text-editor.default\">\n\t\t\t\t<div class=\"elementor-widget-container\">\n\t\t\t\t\t\t\t\t\t<p>Li correspon al Client, el deure de proporcionar la formaci\u00f3 als seus empleats per al funcionament correcte del servei, explicar la correcta execuci\u00f3 del servei i de les obligacions inherents a la utilitzaci\u00f3 de MiRegistro.<\/p>\t\t\t\t\t\t\t\t<\/div>\n\t\t\t\t<\/div>\n\t\t\t\t<div class=\"elementor-element elementor-element-5eaa55f elementor-widget elementor-widget-text-editor\" data-id=\"5eaa55f\" data-element_type=\"widget\" data-e-type=\"widget\" data-widget_type=\"text-editor.default\">\n\t\t\t\t<div class=\"elementor-widget-container\">\n\t\t\t\t\t\t\t\t\t<p>El Client \u00e9s plenament responsable per l&#8217;\u00fas dels accessos al Servei, que les dades introdu\u00efdes al sistema siguin les correctes, tant les proporcionades directament per aquest com les introdu\u00efdes pels seus empleats, per la qual cosa, el prove\u00efdor del servei, Ernesto Terabyte, no \u00e9s responsable dels usos indeguts que poguessin produir-se, ni tampoc de la introducci\u00f3 de dades incorrectes.\n<\/p>\t\t\t\t\t\t\t\t<\/div>\n\t\t\t\t<\/div>\n\t\t\t\t<div class=\"elementor-element elementor-element-75a6525 elementor-widget elementor-widget-text-editor\" data-id=\"75a6525\" data-element_type=\"widget\" data-e-type=\"widget\" data-widget_type=\"text-editor.default\">\n\t\t\t\t<div class=\"elementor-widget-container\">\n\t\t\t\t\t\t\t\t\t<p>En relaci\u00f3 amb qualsevol fitxer de dades de car\u00e0cter personal que pogu\u00e9s crear-se per la utilitzaci\u00f3 del Servei, el Client com a responsable d&#8217;aquestes dades ser\u00e0 qui decideixi la finalitat del fitxer o activitat del tractament, per la qual cosa haur\u00e0 d&#8217;informar els seus empleats del tractament i complir el que estableix la normativa de protecci\u00f3 de dades de car\u00e0cter personal.\n<\/p>\t\t\t\t\t\t\t\t<\/div>\n\t\t\t\t<\/div>\n\t\t\t\t<div class=\"elementor-element elementor-element-80b6f6d elementor-widget elementor-widget-text-editor\" data-id=\"80b6f6d\" data-element_type=\"widget\" data-e-type=\"widget\" data-widget_type=\"text-editor.default\">\n\t\t\t\t<div class=\"elementor-widget-container\">\n\t\t\t\t\t\t\t\t\t<p>El Client s&#8217;obliga i compromet a utilitzar el servei MiRegistro, per a les finalitats de registre de jornada laboral, d&#8217;acord amb la seva finalitat i funcionalitat, per la qual cosa no podr\u00e0 fer-ne un \u00fas il\u00b7legal, fraudulent o que serveixi com a base per a qualsevol actuaci\u00f3 il\u00b7legal o fraudulenta.\n<\/p>\t\t\t\t\t\t\t\t<\/div>\n\t\t\t\t<\/div>\n\t\t\t\t<div class=\"elementor-element elementor-element-ca0b119 elementor-widget elementor-widget-text-editor\" data-id=\"ca0b119\" data-element_type=\"widget\" data-e-type=\"widget\" data-widget_type=\"text-editor.default\">\n\t\t\t\t<div class=\"elementor-widget-container\">\n\t\t\t\t\t\t\t\t\t<p>Ernesto Terabyte, SL, s&#8217;obliga a mantenir el programari amb les condicions t\u00e8cniques adequades per al seu \u00fas i funcionament, no obstant aix\u00f2, no es compromet ni obliga a realitzar treballs d&#8217;adaptaci\u00f3, millora o modificaci\u00f3 del servei MiRegistro.  \n<\/p>\t\t\t\t\t\t\t\t<\/div>\n\t\t\t\t<\/div>\n\t\t\t\t<div class=\"elementor-element elementor-element-0f4dde6 elementor-widget elementor-widget-text-editor\" data-id=\"0f4dde6\" data-element_type=\"widget\" data-e-type=\"widget\" data-widget_type=\"text-editor.default\">\n\t\t\t\t<div class=\"elementor-widget-container\">\n\t\t\t\t\t\t\t\t\t<h4>SIS\u00c8.- RESPONSABILITATS\n<\/h4>\t\t\t\t\t\t\t\t<\/div>\n\t\t\t\t<\/div>\n\t\t\t\t<div class=\"elementor-element elementor-element-28eec2c elementor-widget elementor-widget-text-editor\" data-id=\"28eec2c\" data-element_type=\"widget\" data-e-type=\"widget\" data-widget_type=\"text-editor.default\">\n\t\t\t\t<div class=\"elementor-widget-container\">\n\t\t\t\t\t\t\t\t\t<p>La utilitzaci\u00f3 correcta del servei MiRegistro, aix\u00ed com el registre a l&#8217;inici i final de jornada dels empleats, \u00e9s responsabilitat exclusiva del Client, aix\u00ed com l&#8217;ordenaci\u00f3, instrucci\u00f3 i organitzaci\u00f3 dels seus empleats, la jornada laboral dels quals desitgi registrar, havent d&#8217;informar el Client, els seus empleats i decidir sobre la seva utilitzaci\u00f3.  \n<\/p>\t\t\t\t\t\t\t\t<\/div>\n\t\t\t\t<\/div>\n\t\t\t\t<div class=\"elementor-element elementor-element-5507e55 elementor-widget elementor-widget-text-editor\" data-id=\"5507e55\" data-element_type=\"widget\" data-e-type=\"widget\" data-widget_type=\"text-editor.default\">\n\t\t\t\t<div class=\"elementor-widget-container\">\n\t\t\t\t\t\t\t\t\t<p>El Client, es compromet a fer un \u00fas diligent del contingut i del servei MiRegistro, i de qualsevol de les aplicacions m\u00f2bils, amb total subjecci\u00f3 a la llei, aix\u00ed com als principis de bona fe, la moral, bons costums i ordre p\u00fablic. El Client \u00e9s plenament responsable de l&#8217;acc\u00e9s i \u00fas correcte del servei MiRegistro, sent que les claus d&#8217;acc\u00e9s al servei s\u00f3n personals i intransferibles, per la qual cosa haur\u00e0 d&#8217;adoptar les mesures necess\u00e0ries per garantir la seguretat i el correcte acc\u00e9s al servei. \n<\/p>\t\t\t\t\t\t\t\t<\/div>\n\t\t\t\t<\/div>\n\t\t\t\t<div class=\"elementor-element elementor-element-7b378c0 elementor-widget elementor-widget-text-editor\" data-id=\"7b378c0\" data-element_type=\"widget\" data-e-type=\"widget\" data-widget_type=\"text-editor.default\">\n\t\t\t\t<div class=\"elementor-widget-container\">\n\t\t\t\t\t\t\t\t\t<p>El Client \u00e9s responsable de tota informaci\u00f3, contingut i dades que s&#8217;introdueixin al servei MiRegistro, per part dels seus empleats, i tamb\u00e9 d&#8217;aquells continguts, activitats i informacions falses, inexactes que s&#8217;introdueixin, per la qual cosa respondr\u00e0 en exclusiva de qualsevol acci\u00f3, reclamaci\u00f3 o perjudici que es pugui derivar de les dades contingudes i de la seva falsedat.<\/p>\t\t\t\t\t\t\t\t<\/div>\n\t\t\t\t<\/div>\n\t\t\t\t<div class=\"elementor-element elementor-element-48e282a elementor-widget elementor-widget-text-editor\" data-id=\"48e282a\" data-element_type=\"widget\" data-e-type=\"widget\" data-widget_type=\"text-editor.default\">\n\t\t\t\t<div class=\"elementor-widget-container\">\n\t\t\t\t\t\t\t\t\t<p>Ernesto Terabyte, no respondr\u00e0 en cas d&#8217;interrupcions del servei, errors de connexi\u00f3, manca de disponibilitat o defici\u00e8ncies al servei d&#8217;acc\u00e9s a Internet, ni tampoc per interrupcions, per la qual cosa s&#8217;exclou qualsevol responsabilitat pels danys i perjudicis de qualsevol naturalesa que es puguin deure a la manca de disponibilitat o continu\u00eftat de servei. Alhora, tampoc no es fa responsable dels errors de seguretat que puguin produir-se, ni dels danys que puguin causar-se al sistema inform\u00e0tic del Client, als fitxers o documents emmagatzemats en aquest, com a conseq\u00fc\u00e8ncia de la pres\u00e8ncia d&#8217;un virus al sistema inform\u00e0tic o al terminal m\u00f2bil de l&#8217;empleat. <\/p>\t\t\t\t\t\t\t\t<\/div>\n\t\t\t\t<\/div>\n\t\t\t\t<div class=\"elementor-element elementor-element-de8287d elementor-widget elementor-widget-text-editor\" data-id=\"de8287d\" data-element_type=\"widget\" data-e-type=\"widget\" data-widget_type=\"text-editor.default\">\n\t\t\t\t<div class=\"elementor-widget-container\">\n\t\t\t\t\t\t\t\t\t<p>El Client exonera de forma expressa Ernesto Terabyte, de qualsevol acci\u00f3, reclamaci\u00f3, sanci\u00f3, expedient, que pugui rebre de qualsevol dels seus empleats o de qualsevol organisme o administraci\u00f3 p\u00fablica, per l&#8217;\u00fas i la utilitzaci\u00f3 del servei MiRegistro.  \n<\/p>\t\t\t\t\t\t\t\t<\/div>\n\t\t\t\t<\/div>\n\t\t\t\t<div class=\"elementor-element elementor-element-650c264 elementor-widget elementor-widget-text-editor\" data-id=\"650c264\" data-element_type=\"widget\" data-e-type=\"widget\" data-widget_type=\"text-editor.default\">\n\t\t\t\t<div class=\"elementor-widget-container\">\n\t\t\t\t\t\t\t\t\t<h4>SET\u00c8.- RESOLUCI\u00d3\n<\/h4>\t\t\t\t\t\t\t\t<\/div>\n\t\t\t\t<\/div>\n\t\t\t\t<div class=\"elementor-element elementor-element-454aca7 elementor-widget elementor-widget-text-editor\" data-id=\"454aca7\" data-element_type=\"widget\" data-e-type=\"widget\" data-widget_type=\"text-editor.default\">\n\t\t\t\t<div class=\"elementor-widget-container\">\n\t\t\t\t\t\t\t\t\t<p>El servei i acc\u00e9s a MiRegistro se suspendr\u00e0 de forma autom\u00e0tica i sense necessitat d&#8217;intervenci\u00f3 judicial, ni av\u00eds previ per part d&#8217;Ernesto Terabyte, en el sup\u00f2sit de realitzaci\u00f3 per part del Client de qualsevol conducta que suposi una infracci\u00f3, frau, vulneraci\u00f3 o acte il\u00b7legal, per qualsevol actuaci\u00f3 que pugui causar danys a tercers, a la infraestructura de comunicacions, al infraestructura de comunicacions.  <\/p>\t\t\t\t\t\t\t\t<\/div>\n\t\t\t\t<\/div>\n\t\t\t\t<div class=\"elementor-element elementor-element-1c961ab elementor-widget elementor-widget-text-editor\" data-id=\"1c961ab\" data-element_type=\"widget\" data-e-type=\"widget\" data-widget_type=\"text-editor.default\">\n\t\t\t\t<div class=\"elementor-widget-container\">\n\t\t\t\t\t\t\t\t\t<p>L&#8217;impagament per part del Client de la contraprestaci\u00f3 econ\u00f2mica per a la prestaci\u00f3 del servei MiRegistro, constitueix causa de resoluci\u00f3 del present contracte, i tamb\u00e9 el venciment del termini de temps establert o de qualsevol de les seves pr\u00f2rrogues.<\/p>\t\t\t\t\t\t\t\t<\/div>\n\t\t\t\t<\/div>\n\t\t\t\t<div class=\"elementor-element elementor-element-bc6ef5b elementor-widget elementor-widget-text-editor\" data-id=\"bc6ef5b\" data-element_type=\"widget\" data-e-type=\"widget\" data-widget_type=\"text-editor.default\">\n\t\t\t\t<div class=\"elementor-widget-container\">\n\t\t\t\t\t\t\t\t\t<p>L&#8217;incompliment per part del Client de les obligacions derivades del present acord ser\u00e0 tamb\u00e9 causa de resoluci\u00f3 del present contracte.<\/p>\t\t\t\t\t\t\t\t<\/div>\n\t\t\t\t<\/div>\n\t\t\t\t<div class=\"elementor-element elementor-element-08d92df elementor-widget elementor-widget-text-editor\" data-id=\"08d92df\" data-element_type=\"widget\" data-e-type=\"widget\" data-widget_type=\"text-editor.default\">\n\t\t\t\t<div class=\"elementor-widget-container\">\n\t\t\t\t\t\t\t\t\t<h4>VUIT\u00c8.- DRETS DE PROPIETAT INTEL\u00b7LECTUAL<\/h4>\t\t\t\t\t\t\t\t<\/div>\n\t\t\t\t<\/div>\n\t\t\t\t<div class=\"elementor-element elementor-element-017f448 elementor-widget elementor-widget-text-editor\" data-id=\"017f448\" data-element_type=\"widget\" data-e-type=\"widget\" data-widget_type=\"text-editor.default\">\n\t\t\t\t<div class=\"elementor-widget-container\">\n\t\t\t\t\t\t\t\t\t<p>Ernesto Terabyte, \u00e9s titular de tots els drets de propietat intel\u00b7lectual i industrial inclosos al lloc web <strong>https:\/\/mi-registro.net\/<\/strong> , i del servei MiRegistro, aix\u00ed com de tots els seus textos, imatges, marques, logos, disseny i continguts, a qui correspon l&#8217;exercici en exclusiva dels drets econ\u00f2mics i morals, sense cap limitaci\u00f3 i en qualsevol forma.<\/p>\t\t\t\t\t\t\t\t<\/div>\n\t\t\t\t<\/div>\n\t\t\t\t<div class=\"elementor-element elementor-element-232b58b elementor-widget elementor-widget-text-editor\" data-id=\"232b58b\" data-element_type=\"widget\" data-e-type=\"widget\" data-widget_type=\"text-editor.default\">\n\t\t\t\t<div class=\"elementor-widget-container\">\n\t\t\t\t\t\t\t\t\t<p>L&#8217;\u00fas per part del Client del lloc web i del servei MiRegistro no suposa ren\u00fancia, transmissi\u00f3, llic\u00e8ncia o cessi\u00f3 total ni parcial dels drets de propietat intel\u00b7lectual i industrial d&#8217;Ernesto Terabyte.<\/p>\t\t\t\t\t\t\t\t<\/div>\n\t\t\t\t<\/div>\n\t\t\t\t<div class=\"elementor-element elementor-element-061d174 elementor-widget elementor-widget-text-editor\" data-id=\"061d174\" data-element_type=\"widget\" data-e-type=\"widget\" data-widget_type=\"text-editor.default\">\n\t\t\t\t<div class=\"elementor-widget-container\">\n\t\t\t\t\t\t\t\t\t<p>Qualsevol reproducci\u00f3, transmissi\u00f3, adaptaci\u00f3, traducci\u00f3, modificaci\u00f3, comunicaci\u00f3 al p\u00fablic o explotaci\u00f3 en tot o en part del contingut del lloc web i del servei MiRegistro, titularitat d&#8217;Ernesto Terabyte, efectuada de qualsevol manera o per qualsevol mitj\u00e0, electr\u00f2nic, mec\u00e0nic o altre, est\u00e0 estrictament prohibit.  \n<\/p>\t\t\t\t\t\t\t\t<\/div>\n\t\t\t\t<\/div>\n\t\t\t\t<div class=\"elementor-element elementor-element-fb4aada elementor-widget elementor-widget-text-editor\" data-id=\"fb4aada\" data-element_type=\"widget\" data-e-type=\"widget\" data-widget_type=\"text-editor.default\">\n\t\t\t\t<div class=\"elementor-widget-container\">\n\t\t\t\t\t\t\t\t\t<p>Qualsevol infracci\u00f3 dels drets de propietat intel\u00b7lectual i industrial d&#8217;Ernesto Terabyte, per part del Client, donar\u00e0 lloc a la interposici\u00f3 de les corresponents accions judicials i reclamacions que corresponguin en defensa dels seus drets i interessos leg\u00edtims.<\/p>\t\t\t\t\t\t\t\t<\/div>\n\t\t\t\t<\/div>\n\t\t\t\t<div class=\"elementor-element elementor-element-b4cb528 elementor-widget elementor-widget-text-editor\" data-id=\"b4cb528\" data-element_type=\"widget\" data-e-type=\"widget\" data-widget_type=\"text-editor.default\">\n\t\t\t\t<div class=\"elementor-widget-container\">\n\t\t\t\t\t\t\t\t\t<h4>NOV\u00c8.- PROTECCI\u00d3 DE DADES DE CAR\u00c0CTER PERSONAL\n<\/h4>\t\t\t\t\t\t\t\t<\/div>\n\t\t\t\t<\/div>\n\t\t\t\t<div class=\"elementor-element elementor-element-fe91e95 elementor-widget elementor-widget-text-editor\" data-id=\"fe91e95\" data-element_type=\"widget\" data-e-type=\"widget\" data-widget_type=\"text-editor.default\">\n\t\t\t\t<div class=\"elementor-widget-container\">\n\t\t\t\t\t\t\t\t\t<p>En la utilitzaci\u00f3 i \u00fas del servei MiRegistro, es tindr\u00e0 acc\u00e9s, es recopilaran i tractaran dades de car\u00e0cter personal dels empleats del Client, per la qual cosa aquest t\u00e9 la consideraci\u00f3 de Responsable del Tractament i haur\u00e0 de complir en tot moment amb les disposicions i legislaci\u00f3 vigent, respecte a la protecci\u00f3 de dades de car\u00e0cter personal. Ernesto Terabyte, t\u00e9 la consideraci\u00f3 d&#8217;encarregat del tractament, per la qual cosa tractar\u00e0 les dades personals, seguint les instruccions i indicacions del client, a aquest efecte, les parts formalitzaran contracte independent al present, a aquest efecte. <\/p>\t\t\t\t\t\t\t\t<\/div>\n\t\t\t\t<\/div>\n\t\t\t\t<div class=\"elementor-element elementor-element-c78966b elementor-widget elementor-widget-text-editor\" data-id=\"c78966b\" data-element_type=\"widget\" data-e-type=\"widget\" data-widget_type=\"text-editor.default\">\n\t\t\t\t<div class=\"elementor-widget-container\">\n\t\t\t\t\t\t\t\t\t<p>El Client haur\u00e0 d&#8217;informar en tot moment als seus empleats de la recopilaci\u00f3 de les dades personals, del seu \u00fas, tractament, etc., aix\u00ed com tamb\u00e9 dels seus drets.\n<\/p>\t\t\t\t\t\t\t\t<\/div>\n\t\t\t\t<\/div>\n\t\t\t\t<div class=\"elementor-element elementor-element-bc2ec13 elementor-widget elementor-widget-text-editor\" data-id=\"bc2ec13\" data-element_type=\"widget\" data-e-type=\"widget\" data-widget_type=\"text-editor.default\">\n\t\t\t\t<div class=\"elementor-widget-container\">\n\t\t\t\t\t\t\t\t\t<h4>DES\u00c8.- LEGISLACI\u00d3 I FUR APLICABLE\n<\/h4>\t\t\t\t\t\t\t\t<\/div>\n\t\t\t\t<\/div>\n\t\t\t\t<div class=\"elementor-element elementor-element-f078c3c elementor-widget elementor-widget-text-editor\" data-id=\"f078c3c\" data-element_type=\"widget\" data-e-type=\"widget\" data-widget_type=\"text-editor.default\">\n\t\t\t\t<div class=\"elementor-widget-container\">\n\t\t\t\t\t\t\t\t\t<p>Aquest contracte es regeix pels pactes i les condicions establertes en aquest, i si no, \u00e9s aplicable la legislaci\u00f3 espanyola, concretament la normativa relativa a obligacions i contractes.\n<\/p>\t\t\t\t\t\t\t\t<\/div>\n\t\t\t\t<\/div>\n\t\t\t\t<div class=\"elementor-element elementor-element-f95e0d7 elementor-widget elementor-widget-text-editor\" data-id=\"f95e0d7\" data-element_type=\"widget\" data-e-type=\"widget\" data-widget_type=\"text-editor.default\">\n\t\t\t\t<div class=\"elementor-widget-container\">\n\t\t\t\t\t\t\t\t\t<p>Per a qualsevol controv\u00e8rsia, litigi o conflicte que es pugui derivar de la present relaci\u00f3 contractual, i de la prestaci\u00f3 de serveis objecte del present, les parts renunciant a qualsevol fur que els pogu\u00e9s correspondre, se sotmeten de manera expressa a la jurisdicci\u00f3 dels Jutjats i Tribunals de la ciutat de Barcelona.  <\/p>\t\t\t\t\t\t\t\t<\/div>\n\t\t\t\t<\/div>\n\t\t\t\t\t<\/div>\n\t\t<\/div>\n\t\t\t\t\t<\/div>\n\t\t<\/section>\n\t\t\t\t<\/div>\n\t\t","protected":false},"excerpt":{"rendered":"<p>Terme d&#8217;\u00fas i condicions generals de contractaci\u00f3 Els presents termes d&#8217;\u00fas i condicions generals de contractaci\u00f3 (d&#8217;ara endavant Condicions Generals), regulen el servei creat denominat MiRegistro i qualsevol de les seves aplicacions (incloses les aplicacions m\u00f2bils), aix\u00ed com els seus continguts, els quals estan administrats i s\u00f3n titularitat de la mercantil Ernesto Terabyte, SL. El [&hellip;]<\/p>\n","protected":false},"author":66,"featured_media":0,"parent":0,"menu_order":0,"comment_status":"closed","ping_status":"closed","template":"","meta":{"_acf_changed":false,"inline_featured_image":false,"footnotes":""},"tags":[],"class_list":["post-14980","page","type-page","status-publish","hentry"],"acf":[],"yoast_head":"<!-- This site is optimized with the Yoast SEO plugin v27.5 - https:\/\/yoast.com\/product\/yoast-seo-wordpress\/ -->\n<title>Condicions d&#039;\u00fas<\/title>\n<meta name=\"description\" content=\"Terme d&#039;\u00fas i condicions generals de contractaci\u00f3 Els presents termes d&#039;\u00fas i condicions generals de contractaci\u00f3 (d&#039;ara endavant Condicions Generals),\" \/>\n<meta name=\"robots\" content=\"noindex, nofollow\" \/>\n<meta property=\"og:locale\" content=\"ca_ES\" \/>\n<meta property=\"og:type\" content=\"article\" \/>\n<meta property=\"og:title\" content=\"Condicions d&#039;\u00fas\" \/>\n<meta property=\"og:description\" content=\"Terme d&#039;\u00fas i condicions generals de contractaci\u00f3 Els presents termes d&#039;\u00fas i condicions generals de contractaci\u00f3 (d&#039;ara endavant Condicions Generals),\" \/>\n<meta property=\"og:url\" content=\"https:\/\/mi-registro.net\/ca\/condicions-dus\/\" \/>\n<meta property=\"og:site_name\" content=\"Mi Registro\" \/>\n<meta property=\"article:modified_time\" content=\"2026-03-05T11:17:26+00:00\" \/>\n<meta name=\"twitter:card\" content=\"summary_large_image\" \/>\n<meta name=\"twitter:label1\" content=\"Temps estimat de lectura\" \/>\n\t<meta name=\"twitter:data1\" content=\"10 minuts\" \/>\n<!-- \/ Yoast SEO plugin. -->","yoast_head_json":{"title":"Condicions d'\u00fas","description":"Terme d'\u00fas i condicions generals de contractaci\u00f3 Els presents termes d'\u00fas i condicions generals de contractaci\u00f3 (d'ara endavant Condicions Generals),","robots":{"index":"noindex","follow":"nofollow"},"og_locale":"ca_ES","og_type":"article","og_title":"Condicions d'\u00fas","og_description":"Terme d'\u00fas i condicions generals de contractaci\u00f3 Els presents termes d'\u00fas i condicions generals de contractaci\u00f3 (d'ara endavant Condicions Generals),","og_url":"https:\/\/mi-registro.net\/ca\/condicions-dus\/","og_site_name":"Mi Registro","article_modified_time":"2026-03-05T11:17:26+00:00","twitter_card":"summary_large_image","twitter_misc":{"Temps estimat de lectura":"10 minuts"},"schema":{"@context":"https:\/\/schema.org","@graph":[{"@type":"WebPage","@id":"https:\/\/mi-registro.net\/ca\/condicions-dus\/","url":"https:\/\/mi-registro.net\/ca\/condicions-dus\/","name":"Condicions d'\u00fas","isPartOf":{"@id":"https:\/\/mi-registro.net\/#website"},"datePublished":"2026-02-03T15:19:56+00:00","dateModified":"2026-03-05T11:17:26+00:00","description":"Terme d'\u00fas i condicions generals de contractaci\u00f3 Els presents termes d'\u00fas i condicions generals de contractaci\u00f3 (d'ara endavant Condicions Generals),","breadcrumb":{"@id":"https:\/\/mi-registro.net\/ca\/condicions-dus\/#breadcrumb"},"inLanguage":"ca","potentialAction":[{"@type":"ReadAction","target":["https:\/\/mi-registro.net\/ca\/condicions-dus\/"]}]},{"@type":"BreadcrumbList","@id":"https:\/\/mi-registro.net\/ca\/condicions-dus\/#breadcrumb","itemListElement":[{"@type":"ListItem","position":1,"name":"Portada","item":"https:\/\/mi-registro.net\/ca\/el-meu-registre\/"},{"@type":"ListItem","position":2,"name":"Condicions d&#8217;\u00fas"}]},{"@type":"WebSite","@id":"https:\/\/mi-registro.net\/#website","url":"https:\/\/mi-registro.net\/","name":"Mi Registro","description":"Control Horario Trabajadores - Simple y Econ\u00f3mico","publisher":{"@id":"https:\/\/mi-registro.net\/#organization"},"potentialAction":[{"@type":"SearchAction","target":{"@type":"EntryPoint","urlTemplate":"https:\/\/mi-registro.net\/?s={search_term_string}"},"query-input":{"@type":"PropertyValueSpecification","valueRequired":true,"valueName":"search_term_string"}}],"inLanguage":"ca"},{"@type":"Organization","@id":"https:\/\/mi-registro.net\/#organization","name":"Mi-registro","url":"https:\/\/mi-registro.net\/","logo":{"@type":"ImageObject","inLanguage":"ca","@id":"https:\/\/mi-registro.net\/#\/schema\/logo\/image\/","url":"https:\/\/mi-registro.net\/wp-content\/uploads\/2021\/05\/logo.svg","contentUrl":"https:\/\/mi-registro.net\/wp-content\/uploads\/2021\/05\/logo.svg","width":210,"height":75,"caption":"Mi-registro"},"image":{"@id":"https:\/\/mi-registro.net\/#\/schema\/logo\/image\/"}}]}},"_links":{"self":[{"href":"https:\/\/mi-registro.net\/ca\/wp-json\/wp\/v2\/pages\/14980","targetHints":{"allow":["GET"]}}],"collection":[{"href":"https:\/\/mi-registro.net\/ca\/wp-json\/wp\/v2\/pages"}],"about":[{"href":"https:\/\/mi-registro.net\/ca\/wp-json\/wp\/v2\/types\/page"}],"author":[{"embeddable":true,"href":"https:\/\/mi-registro.net\/ca\/wp-json\/wp\/v2\/users\/66"}],"replies":[{"embeddable":true,"href":"https:\/\/mi-registro.net\/ca\/wp-json\/wp\/v2\/comments?post=14980"}],"version-history":[{"count":1,"href":"https:\/\/mi-registro.net\/ca\/wp-json\/wp\/v2\/pages\/14980\/revisions"}],"predecessor-version":[{"id":15269,"href":"https:\/\/mi-registro.net\/ca\/wp-json\/wp\/v2\/pages\/14980\/revisions\/15269"}],"wp:attachment":[{"href":"https:\/\/mi-registro.net\/ca\/wp-json\/wp\/v2\/media?parent=14980"}],"wp:term":[{"taxonomy":"post_tag","embeddable":true,"href":"https:\/\/mi-registro.net\/ca\/wp-json\/wp\/v2\/tags?post=14980"}],"curies":[{"name":"wp","href":"https:\/\/api.w.org\/{rel}","templated":true}]}}